{"id":9164,"date":"2023-11-21T12:34:56","date_gmt":"2023-11-21T11:34:56","guid":{"rendered":"https:\/\/dev.leboisdelagachere.com\/die-straende\/"},"modified":"2023-12-18T11:28:53","modified_gmt":"2023-12-18T10:28:53","slug":"die-straende","status":"publish","type":"page","link":"https:\/\/leboisdelagachere.com\/de\/in-das-herz-der-natur-eintauchen\/die-straende\/","title":{"rendered":"Die Str\u00e4nde"},"content":{"rendered":"\n<h1 class=\"wp-block-heading\">Am Wasser entlang schlendern<\/h1>\n\n\n\n<div class=\"wp-block-columns alignwide are-vertically-aligned-center is-layout-flex wp-container-core-columns-is-layout-7cca1c40 wp-block-columns-is-layout-flex\" style=\"padding-top:var(--wp--preset--spacing--60);padding-bottom:var(--wp--preset--spacing--60)\">\n<div class=\"wp-block-column is-vertically-aligned-center is-layout-flow wp-block-column-is-layout-flow\" style=\"flex-basis:33.38%\">\n<h2 class=\"wp-block-heading has-text-color has-link-color wp-elements-cb8ad6a761055628760c4caeea372e2e\" style=\"color:#026678\">Entdecken Sie die sch\u00f6nsten Str\u00e4nde der Vend\u00e9e<\/h2>\n\n\n\n<p>W\u00e4hrend Ihres Sommeraufenthalts auf dem Campingplatz Bois de la Gach\u00e8re werden Sie versucht sein, einen Strandausflug zu machen &#8211; oder sogar mehrere!  <\/p>\n\n\n\n<p>Dann lassen Sie sich von uns<strong> die sch\u00f6nsten Str\u00e4nde<\/strong> der Gegend empfehlen.<\/p>\n\n\n\n<p>Wir k\u00f6nnten Sie an den Grande Plage in Les Sables d&#8217;Olonne verweisen, aber das w\u00e4re \u00fcblich.  <br>Lassen Sie uns ein paar ausgefallenere Str\u00e4nde ausfindig machen&#8230;<\/p>\n\n\n\n<h2 class=\"wp-block-heading\">Nur wenige Schritte von Ihrer Unterkunft oder Ihrem Stellplatz entfernt<\/h2>\n\n\n\n<p>Der <strong>Strand Les Granges<\/strong> in Les <a href=\"https:\/\/leboisdelagachere.com\/de\/durch-die-staedte-streifen\/les-sables-dolonne\/\" data-type=\"page\" data-id=\"7890\">Sables d&#8217;Olonne<\/a> ist direkt vom Campingplatz La Gach\u00e8re aus erreichbar! Zu Fu\u00df begeben Sie sich an die Strandpromenade, um sich in aller Ruhe zu entspannen und zu genie\u00dfen.  <br>Z\u00f6gern Sie nicht, Ihr Handtuch darauf zu legen.<\/p>\n<\/div>\n\n\n\n<div class=\"wp-block-column is-vertically-aligned-center is-layout-flow wp-block-column-is-layout-flow\" style=\"flex-basis:33%\">\n<div style=\"height:55px\" aria-hidden=\"true\" class=\"wp-block-spacer\"><\/div>\n\n\n\n<figure class=\"wp-block-image size-full is-resized\"><img loading=\"lazy\" decoding=\"async\" width=\"1000\" height=\"667\" src=\"https:\/\/leboisdelagachere.com\/wp-content\/uploads\/2023\/11\/PlageLesGranges1.jpg\" alt=\"strand les granges\" class=\"wp-image-7867\" style=\"aspect-ratio:0.75;object-fit:cover;width:375px;height:auto\" srcset=\"https:\/\/leboisdelagachere.com\/wp-content\/uploads\/2023\/11\/PlageLesGranges1.jpg 1000w, https:\/\/leboisdelagachere.com\/wp-content\/uploads\/2023\/11\/PlageLesGranges1-300x200.jpg 300w, https:\/\/leboisdelagachere.com\/wp-content\/uploads\/2023\/11\/PlageLesGranges1-768x512.jpg 768w\" sizes=\"auto, (max-width: 1000px) 100vw, 1000px\" \/><\/figure>\n<\/div>\n\n\n\n<div class=\"wp-block-column is-vertically-aligned-center is-layout-flow wp-block-column-is-layout-flow\" style=\"flex-basis:33.62%\">\n<figure class=\"wp-block-image size-full is-resized\"><img loading=\"lazy\" decoding=\"async\" width=\"1000\" height=\"666\" src=\"https:\/\/leboisdelagachere.com\/wp-content\/uploads\/2023\/11\/La_Gachere_28062023_083_0-1.jpg\" alt=\"Campingplatz mit direktem Zugang zum Strand in der Vend\u00e9e\" class=\"wp-image-7868\" style=\"aspect-ratio:0.75;object-fit:cover;width:382px;height:auto\" srcset=\"https:\/\/leboisdelagachere.com\/wp-content\/uploads\/2023\/11\/La_Gachere_28062023_083_0-1.jpg 1000w, https:\/\/leboisdelagachere.com\/wp-content\/uploads\/2023\/11\/La_Gachere_28062023_083_0-1-300x200.jpg 300w, https:\/\/leboisdelagachere.com\/wp-content\/uploads\/2023\/11\/La_Gachere_28062023_083_0-1-768x511.jpg 768w\" sizes=\"auto, (max-width: 1000px) 100vw, 1000px\" \/><\/figure>\n<\/div>\n<\/div>\n\n\n\n<div class=\"wp-block-group alignfull has-white-color has-text-color has-background has-link-color wp-elements-fc5ec6ff87139709ecadf7a3e61f783a is-layout-constrained wp-block-group-is-layout-constrained\" style=\"background-color:#026678;margin-bottom:var(--wp--preset--spacing--30);padding-top:var(--wp--preset--spacing--40);padding-bottom:var(--wp--preset--spacing--40)\">\n<div class=\"wp-block-media-text alignwide is-stacked-on-mobile\" style=\"margin-top:var(--wp--preset--spacing--40);margin-bottom:var(--wp--preset--spacing--40)\"><figure class=\"wp-block-media-text__media\"><img loading=\"lazy\" decoding=\"async\" width=\"1000\" height=\"667\" src=\"https:\/\/leboisdelagachere.com\/wp-content\/uploads\/2023\/11\/2023_Paysage_CoteSauvage_Plage_LesSablesdOlonne_EnVendee_023.jpg\" alt=\"strand von sauveterre in der n\u00e4he des campingplatzes\" class=\"wp-image-7871 size-full\" srcset=\"https:\/\/leboisdelagachere.com\/wp-content\/uploads\/2023\/11\/2023_Paysage_CoteSauvage_Plage_LesSablesdOlonne_EnVendee_023.jpg 1000w, https:\/\/leboisdelagachere.com\/wp-content\/uploads\/2023\/11\/2023_Paysage_CoteSauvage_Plage_LesSablesdOlonne_EnVendee_023-300x200.jpg 300w, https:\/\/leboisdelagachere.com\/wp-content\/uploads\/2023\/11\/2023_Paysage_CoteSauvage_Plage_LesSablesdOlonne_EnVendee_023-768x512.jpg 768w\" sizes=\"auto, (max-width: 1000px) 100vw, 1000px\" \/><\/figure><div class=\"wp-block-media-text__content\">\n<h2 class=\"wp-block-heading\">Zum Surfen und f\u00fcr Wassersportaktivit\u00e4ten<\/h2>\n\n\n\n<p>Der <strong>Strand von Sauveterre<\/strong> und der <strong>Strand<\/strong> von <strong>Tanchet <\/strong>sind gro\u00dfartige Spots zum <a href=\"https:\/\/leboisdelagachere.com\/de\/die-surfschule\/\" data-type=\"page\" data-id=\"7950\">Surfen <\/a>und f\u00fcr andere Wassersportaktivit\u00e4ten in der Stadt Les Sables d&#8217;Olonne. Hier findet man sch\u00f6ne Wellen und feinen Sand, so dass man im Einklang mit der Natur im Wind, und dem Meer, einen Moment verbringen kann.<\/p>\n<\/div><\/div>\n<\/div>\n\n\n\n<div class=\"wp-block-media-text alignwide has-media-on-the-right is-stacked-on-mobile\" style=\"margin-top:var(--wp--preset--spacing--40);margin-bottom:var(--wp--preset--spacing--40)\"><div class=\"wp-block-media-text__content\">\n<h2 class=\"wp-block-heading has-text-color has-link-color wp-elements-4e40661e0f087a76bee96907b40e66e9\" style=\"color:#026678\">F\u00fcr einen ruhigen, famili\u00e4ren Moment<\/h2>\n\n\n\n<p>Das <strong>Ombret-Becken <\/strong>in Les Sables <strong>d <\/strong>&#8218;Olonne wird h\u00e4ufig von Familien belegt. Stammg\u00e4ste besuchen sie regelm\u00e4\u00dfig. Dieser Badespot ist angenehm, kann aber vor allem im Juli und August schwarz von Menschen sein.<\/p>\n\n\n\n<p>F\u00fcr etwas mehr Ruhe w\u00e4re es angebracht, ein paar Kilometer mit dem Auto zu fahren und au\u00dferhalb der Stadt Les Sables d&#8217;Olonne die sch\u00f6nen Salzwasserstr\u00e4nde von <a href=\"https:\/\/leboisdelagachere.com\/de\/durch-die-staedte-streifen\/saint-gilles-croix-de-vie\/\" data-type=\"page\" data-id=\"7922\">Saint Gilles Croix de Vie<\/a>, Br\u00e9tignolles oder auch<a href=\"https:\/\/leboisdelagachere.com\/de\/urlaubsbuch\/ein-bemerkenswerter-tag-im-veillon\/\" data-type=\"page\" data-id=\"7980\"> Talmont-Saint-Hilaire<\/a> zu testen. Denken Sie auch daran, die Gezeiten zu beobachten, um zu wissen, ob das Meer hoch oder niedrig ist.<\/p>\n<\/div><figure class=\"wp-block-media-text__media\"><img loading=\"lazy\" decoding=\"async\" width=\"1000\" height=\"666\" src=\"https:\/\/leboisdelagachere.com\/wp-content\/uploads\/2023\/11\/La_Gachere_28062023_080_0-1.jpg\" alt=\"Campingplatz mit direktem Zugang zum Strand Vend\u00e9e\" class=\"wp-image-7870 size-full\" srcset=\"https:\/\/leboisdelagachere.com\/wp-content\/uploads\/2023\/11\/La_Gachere_28062023_080_0-1.jpg 1000w, https:\/\/leboisdelagachere.com\/wp-content\/uploads\/2023\/11\/La_Gachere_28062023_080_0-1-300x200.jpg 300w, https:\/\/leboisdelagachere.com\/wp-content\/uploads\/2023\/11\/La_Gachere_28062023_080_0-1-768x511.jpg 768w\" sizes=\"auto, (max-width: 1000px) 100vw, 1000px\" \/><\/figure><\/div>\n\n\n\n<div class=\"wp-block-group alignfull has-white-color has-text-color has-background has-link-color wp-elements-2143030780b1858917e2b10c9fe01c55 is-layout-constrained wp-block-group-is-layout-constrained\" style=\"background-color:#026678;margin-top:0;margin-bottom:var(--wp--preset--spacing--30);padding-top:var(--wp--preset--spacing--40);padding-bottom:var(--wp--preset--spacing--40)\">\n<div class=\"wp-block-media-text alignwide is-stacked-on-mobile\" style=\"margin-top:var(--wp--preset--spacing--40);margin-bottom:var(--wp--preset--spacing--40)\"><figure class=\"wp-block-media-text__media\"><img loading=\"lazy\" decoding=\"async\" width=\"1000\" height=\"751\" src=\"https:\/\/leboisdelagachere.com\/wp-content\/uploads\/2023\/11\/Plage-de-la-paracou-les-sables-dolonne-P1210857.jpg\" alt=\"strand von paracou in der n\u00e4he des campingplatzes\" class=\"wp-image-7872 size-full\" srcset=\"https:\/\/leboisdelagachere.com\/wp-content\/uploads\/2023\/11\/Plage-de-la-paracou-les-sables-dolonne-P1210857.jpg 1000w, https:\/\/leboisdelagachere.com\/wp-content\/uploads\/2023\/11\/Plage-de-la-paracou-les-sables-dolonne-P1210857-300x225.jpg 300w, https:\/\/leboisdelagachere.com\/wp-content\/uploads\/2023\/11\/Plage-de-la-paracou-les-sables-dolonne-P1210857-768x577.jpg 768w\" sizes=\"auto, (max-width: 1000px) 100vw, 1000px\" \/><\/figure><div class=\"wp-block-media-text__content\">\n<h2 class=\"wp-block-heading\">F\u00fcr die wilde und felsige Seite<\/h2>\n\n\n\n<p><strong>Der Strand von Paracou<\/strong> ist ideal f\u00fcr Spazierg\u00e4nge mit den F\u00fc\u00dfen im Wasser oder auch zum Angeln bekannt und eignet sich perfekt f\u00fcr einen Moment der Entspannung. Das Baden ist hier angesichts des Gef\u00e4lles und der Felsen gef\u00e4hrlich, aber trotzdem sehr sch\u00f6n.  <\/p>\n\n\n\n<p>Und wenn Sie weiter spazieren gehen, k\u00f6nnen Sie den herrlichen Panoramablick auf das Meer genie\u00dfen, der Ihnen geboten wird. Sie k\u00f6nnen die F\u00fc\u00dfe ins Wasser halten oder ein Picknick mit Blick auf das Meer genie\u00dfen.<\/p>\n<\/div><\/div>\n<\/div>\n\n\n\n<div class=\"wp-block-group is-layout-constrained wp-block-group-is-layout-constrained\" style=\"padding-top:var(--wp--preset--spacing--50);padding-bottom:var(--wp--preset--spacing--50)\">\n<figure class=\"wp-block-image aligncenter size-full is-resized has-custom-border\"><img decoding=\"async\" src=\"https:\/\/leboisdelagachere.com\/wp-content\/uploads\/2023\/11\/trait.png\" alt=\"\" class=\"wp-image-7499\" style=\"border-style:none;border-width:0px;width:150px\"\/><\/figure>\n<\/div>\n\n\n<div class=\"wp-block-sev-diaporama alignfull\">\n\t\t\t<div id=\"sevgallery-1479097051\" class=\"sev-diaporama sev-diaporama-portfolio\">\n\n\t\t\t<div class=\"row\">\n\n\n\n\t\t\t\n\n\n\t\t\t\t\n\n\n\t\t\t\t<div class=\"sev-diaporama-portfolio-item col-12 col-sm \">\n\n\n\n\t\t\t\t\t\n\t\t\t\t\t\t\t\t\t\t<a href=\"https:\/\/leboisdelagachere.com\/wp-content\/uploads\/2023\/11\/Plage-de-la-paracou-les-sables-dolonne-P1210857.jpg\" data-lightbox=\"sevgallery-1479097051\" style=\"background-image: url(https:\/\/leboisdelagachere.com\/wp-content\/uploads\/2023\/11\/Plage-de-la-paracou-les-sables-dolonne-P1210857.jpg)\">\n\n\t\t\t\t\t\n\t\t\t\t\t\t<img decoding=\"async\" src=\"https:\/\/leboisdelagachere.com\/wp-content\/uploads\/2023\/11\/Plage-de-la-paracou-les-sables-dolonne-P1210857.jpg\" alt=\"\" loading=\"lazy\">\n\n\t\t\t\t\t\n\t\t\t\t\t<\/a>\n\n\t\t\t\t\t\n\t\t\t\t<\/div>\n\n\n\n\t\t\t\t\n\n\n\t\t\t\t\n\t\t\t\t\n\t\t\t\n\n\n\t\t\t\t\n\n\n\t\t\t\t<div class=\"sev-diaporama-portfolio-item col-12 col-sm \">\n\n\n\n\t\t\t\t\t\n\t\t\t\t\t\t\t\t\t\t<a href=\"https:\/\/leboisdelagachere.com\/wp-content\/uploads\/2023\/11\/2023_Paysage_CoteSauvage_Plage_LesSablesdOlonne_EnVendee_023.jpg\" data-lightbox=\"sevgallery-1479097051\" style=\"background-image: url(https:\/\/leboisdelagachere.com\/wp-content\/uploads\/2023\/11\/2023_Paysage_CoteSauvage_Plage_LesSablesdOlonne_EnVendee_023.jpg)\">\n\n\t\t\t\t\t\n\t\t\t\t\t\t<img decoding=\"async\" src=\"https:\/\/leboisdelagachere.com\/wp-content\/uploads\/2023\/11\/2023_Paysage_CoteSauvage_Plage_LesSablesdOlonne_EnVendee_023.jpg\" alt=\"\" loading=\"lazy\">\n\n\t\t\t\t\t\n\t\t\t\t\t<\/a>\n\n\t\t\t\t\t\n\t\t\t\t<\/div>\n\n\n\n\t\t\t\t\n\n\n\t\t\t\t\n\t\t\t\t\n\t\t\t\n\n\n\t\t\t\t\n\n\n\t\t\t\t<div class=\"sev-diaporama-portfolio-item col-12 col-sm \">\n\n\n\n\t\t\t\t\t\n\t\t\t\t\t\t\t\t\t\t<a href=\"https:\/\/leboisdelagachere.com\/wp-content\/uploads\/2023\/11\/La_Gachere_28062023_078_0-1.jpg\" data-lightbox=\"sevgallery-1479097051\" style=\"background-image: url(https:\/\/leboisdelagachere.com\/wp-content\/uploads\/2023\/11\/La_Gachere_28062023_078_0-1.jpg)\">\n\n\t\t\t\t\t\n\t\t\t\t\t\t<img decoding=\"async\" src=\"https:\/\/leboisdelagachere.com\/wp-content\/uploads\/2023\/11\/La_Gachere_28062023_078_0-1.jpg\" alt=\"\" loading=\"lazy\">\n\n\t\t\t\t\t\n\t\t\t\t\t<\/a>\n\n\t\t\t\t\t\n\t\t\t\t<\/div>\n\n\n\n\t\t\t\t\n\n\n\t\t\t\t\n\t\t\t\t\n\t\t\t\n\n\n\t\t\t\t\n\n\n\t\t\t\t<div class=\"sev-diaporama-portfolio-item col-12 col-sm  col-grow\">\n\n\n\n\t\t\t\t\t\n\t\t\t\t\t\t\t\t\t\t<a href=\"https:\/\/leboisdelagachere.com\/wp-content\/uploads\/2023\/11\/La_Gachere_28062023_080_0-1.jpg\" data-lightbox=\"sevgallery-1479097051\" style=\"background-image: url(https:\/\/leboisdelagachere.com\/wp-content\/uploads\/2023\/11\/La_Gachere_28062023_080_0-1.jpg)\">\n\n\t\t\t\t\t\n\t\t\t\t\t\t<img decoding=\"async\" src=\"https:\/\/leboisdelagachere.com\/wp-content\/uploads\/2023\/11\/La_Gachere_28062023_080_0-1.jpg\" alt=\"\" loading=\"lazy\">\n\n\t\t\t\t\t\n\t\t\t\t\t<\/a>\n\n\t\t\t\t\t\n\t\t\t\t<\/div>\n\n\n\n\t\t\t\t\n\t\t\t\t\t<div class=\"w-100\"><\/div>\n\n\t\t\t\t\t\n\t\t\t\t\n\n\n\t\t\t\t\n\t\t\t\t\n\t\t\t\n\n\n\t\t\t\t\n\n\n\t\t\t\t<div class=\"sev-diaporama-portfolio-item col-12 col-sm \">\n\n\n\n\t\t\t\t\t\n\t\t\t\t\t\t\t\t\t\t<a href=\"https:\/\/leboisdelagachere.com\/wp-content\/uploads\/2023\/11\/2023_Paysage_CoteSauvage_Plage_LesSablesdOlonne_EnVendee_281.jpg\" data-lightbox=\"sevgallery-1479097051\" style=\"background-image: url(https:\/\/leboisdelagachere.com\/wp-content\/uploads\/2023\/11\/2023_Paysage_CoteSauvage_Plage_LesSablesdOlonne_EnVendee_281.jpg)\">\n\n\t\t\t\t\t\n\t\t\t\t\t\t<img decoding=\"async\" src=\"https:\/\/leboisdelagachere.com\/wp-content\/uploads\/2023\/11\/2023_Paysage_CoteSauvage_Plage_LesSablesdOlonne_EnVendee_281.jpg\" alt=\"acc\u00e8s direct plage Vend\u00e9e\" loading=\"lazy\">\n\n\t\t\t\t\t\n\t\t\t\t\t<\/a>\n\n\t\t\t\t\t\n\t\t\t\t<\/div>\n\n\n\n\t\t\t\t\n\n\n\t\t\t\t\n\t\t\t\t\n\t\t\t\n\n\n\t\t\t\t\n\n\n\t\t\t\t<div class=\"sev-diaporama-portfolio-item col-12 col-sm  col-shrink\">\n\n\n\n\t\t\t\t\t\n\t\t\t\t\t\t\t\t\t\t<a href=\"https:\/\/leboisdelagachere.com\/wp-content\/uploads\/2023\/11\/Plage-de-la-paracou-les-sables-dolonne-P1220084.jpg\" data-lightbox=\"sevgallery-1479097051\" style=\"background-image: url(https:\/\/leboisdelagachere.com\/wp-content\/uploads\/2023\/11\/Plage-de-la-paracou-les-sables-dolonne-P1220084.jpg)\">\n\n\t\t\t\t\t\n\t\t\t\t\t\t<img decoding=\"async\" src=\"https:\/\/leboisdelagachere.com\/wp-content\/uploads\/2023\/11\/Plage-de-la-paracou-les-sables-dolonne-P1220084.jpg\" alt=\"plage id\u00e9al peche \u00e0 pied Vend\u00e9e\" loading=\"lazy\">\n\n\t\t\t\t\t\n\t\t\t\t\t<\/a>\n\n\t\t\t\t\t\n\t\t\t\t<\/div>\n\n\n\n\t\t\t\t\n\n\n\t\t\t\t\n\t\t\t\t\n\t\t\t\n\n\n\t\t\t\t\n\n\n\t\t\t\t<div class=\"sev-diaporama-portfolio-item col-12 col-sm  col-shrink\">\n\n\n\n\t\t\t\t\t\n\t\t\t\t\t\t\t\t\t\t<a href=\"https:\/\/leboisdelagachere.com\/wp-content\/uploads\/2023\/11\/Plage-de-la-paracou-les-sables-dolonne-P1220596.jpg\" data-lightbox=\"sevgallery-1479097051\" style=\"background-image: url(https:\/\/leboisdelagachere.com\/wp-content\/uploads\/2023\/11\/Plage-de-la-paracou-les-sables-dolonne-P1220596.jpg)\">\n\n\t\t\t\t\t\n\t\t\t\t\t\t<img decoding=\"async\" src=\"https:\/\/leboisdelagachere.com\/wp-content\/uploads\/2023\/11\/Plage-de-la-paracou-les-sables-dolonne-P1220596.jpg\" alt=\"plage rocheuse Vend\u00e9e\" loading=\"lazy\">\n\n\t\t\t\t\t\n\t\t\t\t\t<\/a>\n\n\t\t\t\t\t\n\t\t\t\t<\/div>\n\n\n\n\t\t\t\t\n\n\n\t\t\t\t\n\t\t\t\t\n\t\t\t\n\n\n\t\t\t\t\n\n\n\t\t\t\t<div class=\"sev-diaporama-portfolio-item col-12 col-sm \">\n\n\n\n\t\t\t\t\t\n\t\t\t\t\t\t\t\t\t\t<a href=\"https:\/\/leboisdelagachere.com\/wp-content\/uploads\/2023\/11\/PlageLesGranges1-1.jpg\" data-lightbox=\"sevgallery-1479097051\" style=\"background-image: url(https:\/\/leboisdelagachere.com\/wp-content\/uploads\/2023\/11\/PlageLesGranges1-1.jpg)\">\n\n\t\t\t\t\t\n\t\t\t\t\t\t<img decoding=\"async\" src=\"https:\/\/leboisdelagachere.com\/wp-content\/uploads\/2023\/11\/PlageLesGranges1-1.jpg\" alt=\"plage des sables d&#039;Olonne\" loading=\"lazy\">\n\n\t\t\t\t\t\n\t\t\t\t\t<\/a>\n\n\t\t\t\t\t\n\t\t\t\t<\/div>\n\n\n\n\t\t\t\t\n\t\t\t\t\t<div class=\"w-100\"><\/div>\n\n\t\t\t\t\t\n\t\t\t\t\n\n\n\t\t\t\t\n\t\t\t\t\n\t\t\t\n\n\n\t\t\t\t\n\n\n\t\t\t\t<div class=\"sev-diaporama-portfolio-item col-12 col-sm  col-grow\">\n\n\n\n\t\t\t\t\t\n\t\t\t\t\t\t\t\t\t\t<a href=\"https:\/\/leboisdelagachere.com\/wp-content\/uploads\/2023\/11\/PlageLesGranges2.jpg\" data-lightbox=\"sevgallery-1479097051\" style=\"background-image: url(https:\/\/leboisdelagachere.com\/wp-content\/uploads\/2023\/11\/PlageLesGranges2.jpg)\">\n\n\t\t\t\t\t\n\t\t\t\t\t\t<img decoding=\"async\" src=\"https:\/\/leboisdelagachere.com\/wp-content\/uploads\/2023\/11\/PlageLesGranges2.jpg\" alt=\"plage au coeur des sables d&#039;olonne\" loading=\"lazy\">\n\n\t\t\t\t\t\n\t\t\t\t\t<\/a>\n\n\t\t\t\t\t\n\t\t\t\t<\/div>\n\n\n\n\t\t\t\t\n\n\n\t\t\t\t\n\t\t\t\t\n\t\t\t\n\n\n\t\t\t\t\n\n\n\t\t\t\t<div class=\"sev-diaporama-portfolio-item col-12 col-sm  col-grow\">\n\n\n\n\t\t\t\t\t\n\t\t\t\t\t\t\t\t\t\t<a href=\"https:\/\/leboisdelagachere.com\/wp-content\/uploads\/2023\/11\/La_Gachere_28062023_083_0-1.jpg\" data-lightbox=\"sevgallery-1479097051\" style=\"background-image: url(https:\/\/leboisdelagachere.com\/wp-content\/uploads\/2023\/11\/La_Gachere_28062023_083_0-1.jpg)\">\n\n\t\t\t\t\t\n\t\t\t\t\t\t<img decoding=\"async\" src=\"https:\/\/leboisdelagachere.com\/wp-content\/uploads\/2023\/11\/La_Gachere_28062023_083_0-1.jpg\" alt=\"\" loading=\"lazy\">\n\n\t\t\t\t\t\n\t\t\t\t\t<\/a>\n\n\t\t\t\t\t\n\t\t\t\t<\/div>\n\n\n\n\t\t\t\t\n\n\n\t\t\t\t\n\t\t\t\t\n\t\t\t\n\n\n\t\t\t\t\n\n\n\t\t\t\t<div class=\"sev-diaporama-portfolio-item col-12 col-sm  col-grow\">\n\n\n\n\t\t\t\t\t\n\t\t\t\t\t\t\t\t\t\t<a href=\"https:\/\/leboisdelagachere.com\/wp-content\/uploads\/2023\/11\/PlageLesGranges1.jpg\" data-lightbox=\"sevgallery-1479097051\" style=\"background-image: url(https:\/\/leboisdelagachere.com\/wp-content\/uploads\/2023\/11\/PlageLesGranges1.jpg)\">\n\n\t\t\t\t\t\n\t\t\t\t\t\t<img decoding=\"async\" src=\"https:\/\/leboisdelagachere.com\/wp-content\/uploads\/2023\/11\/PlageLesGranges1.jpg\" alt=\"\" loading=\"lazy\">\n\n\t\t\t\t\t\n\t\t\t\t\t<\/a>\n\n\t\t\t\t\t\n\t\t\t\t<\/div>\n\n\n\n\t\t\t\t\n\n\n\t\t\t\t\n\t\t\t\t\n\t\t\t\n\t\t\t<\/div>\n\n\t\t\t<\/div>\n\n\n\n\t\t\t<script>\n\n\t\t\tjQuery(function($) {\n\n\n\n\t\t\t\tvar marginPortfolio = function() {\n\n\n\n\t\t\t\t\tvar $diapo          = $('#sevgallery-1479097051');\n\n\t\t\t\t\tvar container_width = $diapo.parent().outerWidth();\n\n\t\t\t\t\tvar side            = ( $(window).innerWidth() - container_width ) \/ 2;\n\n\n\n\t\t\t\t\t$diapo.css( {\n\n\t\t\t\t\t\t'margin-left': '-' + side + 'px',\n\n\t\t\t\t\t\t'margin-right': '-' + side + 'px',\n\n\t\t\t\t\t} );\n\n\t\t\t\t};\n\n\n\n\t\t\t\t$( window ).resize( function() {\n\n\t\t\t\t\tmarginPortfolio();\n\n\t\t\t\t} );\n\n\t\t\t\tmarginPortfolio();\n\n\t\t\t});\n\n\t\t\t<\/script>\n\n\t\t\t<\/div>","protected":false},"excerpt":{"rendered":"<p>Am Wasser entlang schlendern Entdecken Sie die sch\u00f6nsten Str\u00e4nde der Vend\u00e9e W\u00e4hrend Ihres Sommeraufenthalts auf dem Campingplatz Bois de la Gach\u00e8re werden Sie versucht sein, einen Strandausflug zu machen &#8211; oder sogar mehrere! Dann lassen Sie sich von uns die sch\u00f6nsten Str\u00e4nde der Gegend empfehlen. Wir k\u00f6nnten Sie an den Grande Plage in Les Sables [&hellip;]<\/p>\n","protected":false},"author":3,"featured_media":0,"parent":9292,"menu_order":0,"comment_status":"closed","ping_status":"closed","template":"","meta":{"_seopress_robots_primary_cat":"","_seopress_titles_title":"Die sch\u00f6nsten Str\u00e4nde der Vend\u00e9e","_seopress_titles_desc":"Es ist schwer zu entscheiden, an welchem Strand man sein Handtuch in der Vend\u00e9e ablegen soll. Wir listen Ihnen die sch\u00f6nsten Str\u00e4nde in der N\u00e4he des Campingplatzes auf.  ","_seopress_robots_index":"","footnotes":""},"class_list":["post-9164","page","type-page","status-publish","hentry"],"_links":{"self":[{"href":"https:\/\/leboisdelagachere.com\/de\/wp-json\/wp\/v2\/pages\/9164","targetHints":{"allow":["GET"]}}],"collection":[{"href":"https:\/\/leboisdelagachere.com\/de\/wp-json\/wp\/v2\/pages"}],"about":[{"href":"https:\/\/leboisdelagachere.com\/de\/wp-json\/wp\/v2\/types\/page"}],"author":[{"embeddable":true,"href":"https:\/\/leboisdelagachere.com\/de\/wp-json\/wp\/v2\/users\/3"}],"replies":[{"embeddable":true,"href":"https:\/\/leboisdelagachere.com\/de\/wp-json\/wp\/v2\/comments?post=9164"}],"version-history":[{"count":2,"href":"https:\/\/leboisdelagachere.com\/de\/wp-json\/wp\/v2\/pages\/9164\/revisions"}],"predecessor-version":[{"id":9557,"href":"https:\/\/leboisdelagachere.com\/de\/wp-json\/wp\/v2\/pages\/9164\/revisions\/9557"}],"up":[{"embeddable":true,"href":"https:\/\/leboisdelagachere.com\/de\/wp-json\/wp\/v2\/pages\/9292"}],"wp:attachment":[{"href":"https:\/\/leboisdelagachere.com\/de\/wp-json\/wp\/v2\/media?parent=9164"}],"curies":[{"name":"wp","href":"https:\/\/api.w.org\/{rel}","templated":true}]}}