{"id":9194,"date":"2023-11-21T11:26:12","date_gmt":"2023-11-21T10:26:12","guid":{"rendered":"https:\/\/dev.leboisdelagachere.com\/rad-und-wanderwege\/"},"modified":"2023-12-18T11:29:30","modified_gmt":"2023-12-18T10:29:30","slug":"rad-und-wanderwege","status":"publish","type":"page","link":"https:\/\/leboisdelagachere.com\/de\/in-das-herz-der-natur-eintauchen\/rad-und-wanderwege\/","title":{"rendered":"Rad- und Wanderwege"},"content":{"rendered":"\n<h1 class=\"wp-block-heading\">Durch den Wald streifen<\/h1>\n\n\n\n<div class=\"wp-block-columns alignwide is-layout-flex wp-container-core-columns-is-layout-3c1f764f wp-block-columns-is-layout-flex\" style=\"margin-top:var(--wp--preset--spacing--50);margin-bottom:var(--wp--preset--spacing--50);padding-top:0;padding-bottom:0\">\n<div class=\"wp-block-column is-vertically-aligned-center is-layout-flow wp-block-column-is-layout-flow\" style=\"flex-basis:33.33%\">\n<p>In der gesamten Vend\u00e9e k\u00f6nnen Sie dank der V\u00e9lodyss\u00e9e <strong>mit dem Fahrrad<\/strong> fahren. Dieses gro\u00dfartige Netz von Radwegen verl\u00e4uft kreuz und quer durch das gesamte Departement. Fast alle Gemeinden werden bedient, von der K\u00fcste bis ins Landesinnere. Sie k\u00f6nnen also diese gute Gelegenheit nutzen, um f\u00fcr einen kurzen oder langen Spaziergang durch die W\u00e4lle, S\u00fcmpfe und W\u00e4lder zu wandern.<\/p>\n\n\n\n<p>Zu Fu\u00df oder mit dem Fahrrad k\u00f6nnen Sie w\u00e4hrend Ihres Aufenthalts und in der N\u00e4he Ihres Wohncampingplatzes Le Bois de La Gach\u00e8re viele sch\u00f6ne Orte finden, die Sie durchstreifen k\u00f6nnen.<\/p>\n\n\n\n<p>Auf dieser Website finden Sie mehrere Vorschl\u00e4ge f\u00fcr Strecken mit unterschiedlichen Niveaus und unterschiedlicher Dauer: https: <a href=\"https:\/\/www.lessablesdolonne-tourisme.com\/Decouvrir\/Nature-Randos\/Circuits-randonnees-nature\/Sentiers-pedestres\" target=\"_blank\" rel=\"noreferrer noopener\">\/\/www.lessablesdolonne-tourisme.com\/Decouvrir\/Nature-Randos\/Circuits-randonnees-nature\/Sentiers-pedestres<\/a>.<\/p>\n<\/div>\n\n\n\n<div class=\"wp-block-column is-layout-flow wp-block-column-is-layout-flow\" style=\"flex-basis:33.02%\">\n<div style=\"height:2vw\" aria-hidden=\"true\" class=\"wp-block-spacer\"><\/div>\n\n\n\n<figure class=\"wp-block-image size-full is-resized\"><img loading=\"lazy\" decoding=\"async\" width=\"1000\" height=\"667\" src=\"https:\/\/leboisdelagachere.com\/wp-content\/uploads\/2023\/11\/2023_Foret_Rando_LesGravelots_GR_LesSablesdOlonne_EnVendee_221.jpg\" alt=\"Pfad in der N\u00e4he des Campingplatzes in Les Sables d'Olonne\" class=\"wp-image-7821\" style=\"aspect-ratio:0.75;object-fit:cover;width:358px;height:auto\" srcset=\"https:\/\/leboisdelagachere.com\/wp-content\/uploads\/2023\/11\/2023_Foret_Rando_LesGravelots_GR_LesSablesdOlonne_EnVendee_221.jpg 1000w, https:\/\/leboisdelagachere.com\/wp-content\/uploads\/2023\/11\/2023_Foret_Rando_LesGravelots_GR_LesSablesdOlonne_EnVendee_221-300x200.jpg 300w, https:\/\/leboisdelagachere.com\/wp-content\/uploads\/2023\/11\/2023_Foret_Rando_LesGravelots_GR_LesSablesdOlonne_EnVendee_221-768x512.jpg 768w\" sizes=\"auto, (max-width: 1000px) 100vw, 1000px\" \/><\/figure>\n<\/div>\n\n\n\n<div class=\"wp-block-column is-layout-flow wp-block-column-is-layout-flow\" style=\"flex-basis:33.65%\">\n<figure class=\"wp-block-image size-full\"><img loading=\"lazy\" decoding=\"async\" width=\"1000\" height=\"667\" src=\"https:\/\/leboisdelagachere.com\/wp-content\/uploads\/2023\/11\/2023_Rando_Velodyssee_Paracou_LesSablesdOlonne_EnVendee_139-1.jpg\" alt=\"Fahrradwege am Meer in der Vend\u00e9e\" class=\"wp-image-7823\" style=\"aspect-ratio:3\/4;object-fit:cover\" srcset=\"https:\/\/leboisdelagachere.com\/wp-content\/uploads\/2023\/11\/2023_Rando_Velodyssee_Paracou_LesSablesdOlonne_EnVendee_139-1.jpg 1000w, https:\/\/leboisdelagachere.com\/wp-content\/uploads\/2023\/11\/2023_Rando_Velodyssee_Paracou_LesSablesdOlonne_EnVendee_139-1-300x200.jpg 300w, https:\/\/leboisdelagachere.com\/wp-content\/uploads\/2023\/11\/2023_Rando_Velodyssee_Paracou_LesSablesdOlonne_EnVendee_139-1-768x512.jpg 768w\" sizes=\"auto, (max-width: 1000px) 100vw, 1000px\" \/><\/figure>\n<\/div>\n<\/div>\n\n\n\n<figure class=\"wp-block-image aligncenter size-full is-resized\"><img decoding=\"async\" src=\"https:\/\/leboisdelagachere.com\/wp-content\/uploads\/2023\/11\/trait.png\" alt=\"\" class=\"wp-image-7499\" style=\"width:150px\"\/><\/figure>\n\n\n\n<div class=\"wp-block-columns is-layout-flex wp-container-core-columns-is-layout-28f84493 wp-block-columns-is-layout-flex\">\n<div class=\"wp-block-column is-layout-flow wp-block-column-is-layout-flow\">\n<div class=\"wp-block-group has-white-color has-text-color has-background has-link-color wp-elements-5ff9f41da58659f5351247ff2d0c096d is-layout-constrained wp-container-core-group-is-layout-19ac9bc1 wp-block-group-is-layout-constrained\" style=\"background-color:#026678;min-height:200px;margin-top:0;margin-bottom:0;padding-top:var(--wp--preset--spacing--60);padding-right:var(--wp--preset--spacing--60);padding-bottom:var(--wp--preset--spacing--60);padding-left:var(--wp--preset--spacing--60)\">\n<h2 class=\"wp-block-heading\">Les Marais d&#8217;Olonne<\/h2>\n\n\n\n<p>Wenn wir Ihnen eine sympathische Ecke empfehlen k\u00f6nnen, dann ist es die der <strong>Marais d&#8217;Olonne<\/strong>. F\u00fcr einen landschaftlich reizvollen Spaziergang ist er der perfekte Ort. Sie k\u00f6nnen von der Gemeinde Olonne-sur-Mer aus starten, die in der N\u00e4he von Les <a href=\"https:\/\/leboisdelagachere.com\/de\/durch-die-staedte-streifen\/les-sables-dolonne\/\" data-type=\"page\" data-id=\"7890\">Sables d&#8217;Olonne<\/a> liegt. Wenn Sie dort angekommen sind, gehen Sie in Richtung der S\u00fcmpfe und \u00fcberqueren zun\u00e4chst Feldwege, um dann auf den Radweg zu gelangen, den Sie zu Fu\u00df entlanggehen.  <\/p>\n\n\n\n<p>Entdecken Sie alle Details der Strecke: https: <a href=\"https:\/\/www.visorando.com\/randonnee-le-marais-des-olonnes\/\" target=\"_blank\" rel=\"noreferrer noopener\">\/\/www.visorando.com\/randonnee-le-marais-des-olonnes\/<\/a>.<\/p>\n<\/div>\n<\/div>\n\n\n\n<div class=\"wp-block-column is-layout-flow wp-block-column-is-layout-flow\">\n<div class=\"wp-block-group h-100 has-white-color has-text-color has-background has-link-color wp-elements-34aaebc5b5e482e2b0984dce5193ac68 is-layout-constrained wp-container-core-group-is-layout-db32e940 wp-block-group-is-layout-constrained\" style=\"background-color:#026678;min-height:200px;padding-top:var(--wp--preset--spacing--60);padding-right:var(--wp--preset--spacing--60);padding-bottom:var(--wp--preset--spacing--60);padding-left:var(--wp--preset--spacing--60)\">\n<h2 class=\"wp-block-heading\">Les Puits d&#8217;Enfer an der Bucht von Cayola in Les Sables d&#8217;Olonne<\/h2>\n\n\n\n<p>F\u00fcr einen weiteren belebenden Spaziergang schlagen Sie den Weg zu den <strong>Puits d&#8217;Enfer<\/strong> ein. Diese felsigen Abgr\u00fcnde bieten einen beeindruckenden Anblick, wenn die Wellen an das Ufer kommen. Ein luftiger und entspannender Spaziergang beim Rauschen des Meeres, das ist es, was wir Ihnen hier anbieten. Mit Blick auf das Meer und den Strand folgen Sie dem Rhythmus der Wellen.<\/p>\n\n\n\n<p>Um die richtige Route zu finden, erfahren Sie mehr \u00fcber unser <a href=\"https:\/\/leboisdelagachere.com\/de\/urlaubsbuch\/halber-tag-mountainbike\/\" data-type=\"page\" data-id=\"8075\">ressourcenorientiertes Erlebnis<\/a>.<\/p>\n<\/div>\n<\/div>\n<\/div>\n\n\n\n<p><img decoding=\"async\" class=\"wp-image-7385\" style=\"width: 30px;\" src=\"https:\/\/leboisdelagachere.com\/wp-content\/uploads\/2023\/11\/guilmet-ok-couleur.png\" alt=\"camping au coeur du bois\"><em>Kleiner Tipp:<\/em><br>F\u00fcr diese Wanderungen k\u00f6nnen Sie gerne ein Picknick in Ihrem Rucksack mitbringen, um unterwegs eine Pause bei einem Sandwich zu genie\u00dfen. Eine Pause, um die Ruhe und die Natur zu genie\u00dfen, ist nicht verkehrt.<\/p>\n\n\n\n<figure class=\"wp-block-image aligncenter size-full is-resized\"><img decoding=\"async\" src=\"https:\/\/leboisdelagachere.com\/wp-content\/uploads\/2023\/11\/trait.png\" alt=\"\" class=\"wp-image-7499\" style=\"width:150px\"\/><\/figure>\n\n\n<div class=\"wp-block-sev-diaporama alignfull\">\n\t\t\t<div id=\"sevgallery-2417746549\" class=\"sev-diaporama sev-diaporama-portfolio\">\n\n\t\t\t<div class=\"row\">\n\n\n\n\t\t\t\n\n\n\t\t\t\t\n\n\n\t\t\t\t<div class=\"sev-diaporama-portfolio-item col-12 col-sm  col-shrink\">\n\n\n\n\t\t\t\t\t\n\t\t\t\t\t\t\t\t\t\t<a href=\"https:\/\/leboisdelagachere.com\/wp-content\/uploads\/2023\/11\/2023_Rando_Velodyssee_Paracou_LesSablesdOlonne_EnVendee_092.jpg\" data-lightbox=\"sevgallery-2417746549\" style=\"background-image: url(https:\/\/leboisdelagachere.com\/wp-content\/uploads\/2023\/11\/2023_Rando_Velodyssee_Paracou_LesSablesdOlonne_EnVendee_092.jpg)\">\n\n\t\t\t\t\t\n\t\t\t\t\t\t<img decoding=\"async\" src=\"https:\/\/leboisdelagachere.com\/wp-content\/uploads\/2023\/11\/2023_Rando_Velodyssee_Paracou_LesSablesdOlonne_EnVendee_092.jpg\" alt=\"pistes cyclables au bord de l&#039;oc\u00e9an proche du camping aux sables d&#039;olonne\" loading=\"lazy\">\n\n\t\t\t\t\t\n\t\t\t\t\t<\/a>\n\n\t\t\t\t\t\n\t\t\t\t<\/div>\n\n\n\n\t\t\t\t\n\n\n\t\t\t\t\n\t\t\t\t\n\t\t\t\n\n\n\t\t\t\t\n\n\n\t\t\t\t<div class=\"sev-diaporama-portfolio-item col-12 col-sm  col-shrink\">\n\n\n\n\t\t\t\t\t\n\t\t\t\t\t\t\t\t\t\t<a href=\"https:\/\/leboisdelagachere.com\/wp-content\/uploads\/2023\/11\/piste-cyclable-velo-les-sables-dolonne-IMG_8155.jpg\" data-lightbox=\"sevgallery-2417746549\" style=\"background-image: url(https:\/\/leboisdelagachere.com\/wp-content\/uploads\/2023\/11\/piste-cyclable-velo-les-sables-dolonne-IMG_8155.jpg)\">\n\n\t\t\t\t\t\n\t\t\t\t\t\t<img decoding=\"async\" src=\"https:\/\/leboisdelagachere.com\/wp-content\/uploads\/2023\/11\/piste-cyclable-velo-les-sables-dolonne-IMG_8155.jpg\" alt=\"pistes cyclables proche du camping aux sables d&#039;olonne\" loading=\"lazy\">\n\n\t\t\t\t\t\n\t\t\t\t\t<\/a>\n\n\t\t\t\t\t\n\t\t\t\t<\/div>\n\n\n\n\t\t\t\t\n\n\n\t\t\t\t\n\t\t\t\t\n\t\t\t\n\n\n\t\t\t\t\n\n\n\t\t\t\t<div class=\"sev-diaporama-portfolio-item col-12 col-sm  col-grow\">\n\n\n\n\t\t\t\t\t\n\t\t\t\t\t\t\t\t\t\t<a href=\"https:\/\/leboisdelagachere.com\/wp-content\/uploads\/2023\/11\/piste-cyclable-velo-les-sables-dolonne-IMG_6820.jpg\" data-lightbox=\"sevgallery-2417746549\" style=\"background-image: url(https:\/\/leboisdelagachere.com\/wp-content\/uploads\/2023\/11\/piste-cyclable-velo-les-sables-dolonne-IMG_6820.jpg)\">\n\n\t\t\t\t\t\n\t\t\t\t\t\t<img decoding=\"async\" src=\"https:\/\/leboisdelagachere.com\/wp-content\/uploads\/2023\/11\/piste-cyclable-velo-les-sables-dolonne-IMG_6820.jpg\" alt=\"pistes cyclables proche du camping aux sables d&#039;olonne\" loading=\"lazy\">\n\n\t\t\t\t\t\n\t\t\t\t\t<\/a>\n\n\t\t\t\t\t\n\t\t\t\t<\/div>\n\n\n\n\t\t\t\t\n\n\n\t\t\t\t\n\t\t\t\t\n\t\t\t\n\n\n\t\t\t\t\n\n\n\t\t\t\t<div class=\"sev-diaporama-portfolio-item col-12 col-sm \">\n\n\n\n\t\t\t\t\t\n\t\t\t\t\t\t\t\t\t\t<a href=\"https:\/\/leboisdelagachere.com\/wp-content\/uploads\/2023\/11\/piste-cyclable-velo-les-sables-dolonne-IMG_6541.jpg\" data-lightbox=\"sevgallery-2417746549\" style=\"background-image: url(https:\/\/leboisdelagachere.com\/wp-content\/uploads\/2023\/11\/piste-cyclable-velo-les-sables-dolonne-IMG_6541.jpg)\">\n\n\t\t\t\t\t\n\t\t\t\t\t\t<img decoding=\"async\" src=\"https:\/\/leboisdelagachere.com\/wp-content\/uploads\/2023\/11\/piste-cyclable-velo-les-sables-dolonne-IMG_6541.jpg\" alt=\"pistes cyclables proche du camping aux sables d&#039;olonne\" loading=\"lazy\">\n\n\t\t\t\t\t\n\t\t\t\t\t<\/a>\n\n\t\t\t\t\t\n\t\t\t\t<\/div>\n\n\n\n\t\t\t\t\n\t\t\t\t\t<div class=\"w-100\"><\/div>\n\n\t\t\t\t\t\n\t\t\t\t\n\n\n\t\t\t\t\n\t\t\t\t\n\t\t\t\n\n\n\t\t\t\t\n\n\n\t\t\t\t<div class=\"sev-diaporama-portfolio-item col-12 col-sm \">\n\n\n\n\t\t\t\t\t\n\t\t\t\t\t\t\t\t\t\t<a href=\"https:\/\/leboisdelagachere.com\/wp-content\/uploads\/2023\/11\/piste-cyclable-les-sables-IMG_7776.jpg\" data-lightbox=\"sevgallery-2417746549\" style=\"background-image: url(https:\/\/leboisdelagachere.com\/wp-content\/uploads\/2023\/11\/piste-cyclable-les-sables-IMG_7776.jpg)\">\n\n\t\t\t\t\t\n\t\t\t\t\t\t<img decoding=\"async\" src=\"https:\/\/leboisdelagachere.com\/wp-content\/uploads\/2023\/11\/piste-cyclable-les-sables-IMG_7776.jpg\" alt=\"pistes cyclables proche du camping aux sables d&#039;olonne\" loading=\"lazy\">\n\n\t\t\t\t\t\n\t\t\t\t\t<\/a>\n\n\t\t\t\t\t\n\t\t\t\t<\/div>\n\n\n\n\t\t\t\t\n\n\n\t\t\t\t\n\t\t\t\t\n\t\t\t\n\n\n\t\t\t\t\n\n\n\t\t\t\t<div class=\"sev-diaporama-portfolio-item col-12 col-sm  col-grow\">\n\n\n\n\t\t\t\t\t\n\t\t\t\t\t\t\t\t\t\t<a href=\"https:\/\/leboisdelagachere.com\/wp-content\/uploads\/2023\/11\/piste-cyclable-velo-les-sables-dolonne-IMG_7211.jpg\" data-lightbox=\"sevgallery-2417746549\" style=\"background-image: url(https:\/\/leboisdelagachere.com\/wp-content\/uploads\/2023\/11\/piste-cyclable-velo-les-sables-dolonne-IMG_7211.jpg)\">\n\n\t\t\t\t\t\n\t\t\t\t\t\t<img decoding=\"async\" src=\"https:\/\/leboisdelagachere.com\/wp-content\/uploads\/2023\/11\/piste-cyclable-velo-les-sables-dolonne-IMG_7211.jpg\" alt=\"pistes cyclables proche du camping aux sables d&#039;olonne\" loading=\"lazy\">\n\n\t\t\t\t\t\n\t\t\t\t\t<\/a>\n\n\t\t\t\t\t\n\t\t\t\t<\/div>\n\n\n\n\t\t\t\t\n\n\n\t\t\t\t\n\t\t\t\t\n\t\t\t\n\n\n\t\t\t\t\n\n\n\t\t\t\t<div class=\"sev-diaporama-portfolio-item col-12 col-sm  col-shrink\">\n\n\n\n\t\t\t\t\t\n\t\t\t\t\t\t\t\t\t\t<a href=\"https:\/\/leboisdelagachere.com\/wp-content\/uploads\/2023\/11\/piste-cyclable-velo-les-sables-dolonne-IMG_7167.jpg\" data-lightbox=\"sevgallery-2417746549\" style=\"background-image: url(https:\/\/leboisdelagachere.com\/wp-content\/uploads\/2023\/11\/piste-cyclable-velo-les-sables-dolonne-IMG_7167.jpg)\">\n\n\t\t\t\t\t\n\t\t\t\t\t\t<img decoding=\"async\" src=\"https:\/\/leboisdelagachere.com\/wp-content\/uploads\/2023\/11\/piste-cyclable-velo-les-sables-dolonne-IMG_7167.jpg\" alt=\"pistes cyclables proche du camping aux sables d&#039;olonne\" loading=\"lazy\">\n\n\t\t\t\t\t\n\t\t\t\t\t<\/a>\n\n\t\t\t\t\t\n\t\t\t\t<\/div>\n\n\n\n\t\t\t\t\n\n\n\t\t\t\t\n\t\t\t\t\n\t\t\t\n\n\n\t\t\t\t\n\n\n\t\t\t\t<div class=\"sev-diaporama-portfolio-item col-12 col-sm  col-grow\">\n\n\n\n\t\t\t\t\t\n\t\t\t\t\t\t\t\t\t\t<a href=\"https:\/\/leboisdelagachere.com\/wp-content\/uploads\/2023\/11\/piste-cyclable-velo-les-sables-dolonne-IMG_1982.jpg\" data-lightbox=\"sevgallery-2417746549\" style=\"background-image: url(https:\/\/leboisdelagachere.com\/wp-content\/uploads\/2023\/11\/piste-cyclable-velo-les-sables-dolonne-IMG_1982.jpg)\">\n\n\t\t\t\t\t\n\t\t\t\t\t\t<img decoding=\"async\" src=\"https:\/\/leboisdelagachere.com\/wp-content\/uploads\/2023\/11\/piste-cyclable-velo-les-sables-dolonne-IMG_1982.jpg\" alt=\"pistes cyclables au bord de la mer proche du camping aux sables d&#039;olonne\" loading=\"lazy\">\n\n\t\t\t\t\t\n\t\t\t\t\t<\/a>\n\n\t\t\t\t\t\n\t\t\t\t<\/div>\n\n\n\n\t\t\t\t\n\t\t\t\t\t<div class=\"w-100\"><\/div>\n\n\t\t\t\t\t\n\t\t\t\t\n\n\n\t\t\t\t\n\t\t\t\t\n\t\t\t\n\n\n\t\t\t\t\n\n\n\t\t\t\t<div class=\"sev-diaporama-portfolio-item col-12 col-sm \">\n\n\n\n\t\t\t\t\t\n\t\t\t\t\t\t\t\t\t\t<a href=\"https:\/\/leboisdelagachere.com\/wp-content\/uploads\/2023\/11\/piste-cyclable-velo-les-sables-dolonne-IMG_1121.jpg\" data-lightbox=\"sevgallery-2417746549\" style=\"background-image: url(https:\/\/leboisdelagachere.com\/wp-content\/uploads\/2023\/11\/piste-cyclable-velo-les-sables-dolonne-IMG_1121.jpg)\">\n\n\t\t\t\t\t\n\t\t\t\t\t\t<img decoding=\"async\" src=\"https:\/\/leboisdelagachere.com\/wp-content\/uploads\/2023\/11\/piste-cyclable-velo-les-sables-dolonne-IMG_1121.jpg\" alt=\"pistes cyclables proche du camping aux sables d&#039;olonne\" loading=\"lazy\">\n\n\t\t\t\t\t\n\t\t\t\t\t<\/a>\n\n\t\t\t\t\t\n\t\t\t\t<\/div>\n\n\n\n\t\t\t\t\n\n\n\t\t\t\t\n\t\t\t\t\n\t\t\t\n\n\n\t\t\t\t\n\n\n\t\t\t\t<div class=\"sev-diaporama-portfolio-item col-12 col-sm  col-shrink\">\n\n\n\n\t\t\t\t\t\n\t\t\t\t\t\t\t\t\t\t<a href=\"https:\/\/leboisdelagachere.com\/wp-content\/uploads\/2023\/11\/piste-cyclable-velo-les-sables-dolonne-IMG_0247.jpg\" data-lightbox=\"sevgallery-2417746549\" style=\"background-image: url(https:\/\/leboisdelagachere.com\/wp-content\/uploads\/2023\/11\/piste-cyclable-velo-les-sables-dolonne-IMG_0247.jpg)\">\n\n\t\t\t\t\t\n\t\t\t\t\t\t<img decoding=\"async\" src=\"https:\/\/leboisdelagachere.com\/wp-content\/uploads\/2023\/11\/piste-cyclable-velo-les-sables-dolonne-IMG_0247.jpg\" alt=\"pistes cyclables proche du camping aux sables d&#039;olonne\" loading=\"lazy\">\n\n\t\t\t\t\t\n\t\t\t\t\t<\/a>\n\n\t\t\t\t\t\n\t\t\t\t<\/div>\n\n\n\n\t\t\t\t\n\n\n\t\t\t\t\n\t\t\t\t\n\t\t\t\n\n\n\t\t\t\t\n\n\n\t\t\t\t<div class=\"sev-diaporama-portfolio-item col-12 col-sm \">\n\n\n\n\t\t\t\t\t\n\t\t\t\t\t\t\t\t\t\t<a href=\"https:\/\/leboisdelagachere.com\/wp-content\/uploads\/2023\/11\/piste-cyclable-velo-les-sables-dolonne-IMG_0181.jpg\" data-lightbox=\"sevgallery-2417746549\" style=\"background-image: url(https:\/\/leboisdelagachere.com\/wp-content\/uploads\/2023\/11\/piste-cyclable-velo-les-sables-dolonne-IMG_0181.jpg)\">\n\n\t\t\t\t\t\n\t\t\t\t\t\t<img decoding=\"async\" src=\"https:\/\/leboisdelagachere.com\/wp-content\/uploads\/2023\/11\/piste-cyclable-velo-les-sables-dolonne-IMG_0181.jpg\" alt=\"pistes cyclables proche du camping aux sables d&#039;olonne\" loading=\"lazy\">\n\n\t\t\t\t\t\n\t\t\t\t\t<\/a>\n\n\t\t\t\t\t\n\t\t\t\t<\/div>\n\n\n\n\t\t\t\t\n\n\n\t\t\t\t\n\t\t\t\t\n\t\t\t\n\n\n\t\t\t\t\n\n\n\t\t\t\t<div class=\"sev-diaporama-portfolio-item col-12 col-sm \">\n\n\n\n\t\t\t\t\t\n\t\t\t\t\t\t\t\t\t\t<a href=\"https:\/\/leboisdelagachere.com\/wp-content\/uploads\/2023\/11\/les-sables-cayola-IMG_2495.jpg\" data-lightbox=\"sevgallery-2417746549\" style=\"background-image: url(https:\/\/leboisdelagachere.com\/wp-content\/uploads\/2023\/11\/les-sables-cayola-IMG_2495.jpg)\">\n\n\t\t\t\t\t\n\t\t\t\t\t\t<img decoding=\"async\" src=\"https:\/\/leboisdelagachere.com\/wp-content\/uploads\/2023\/11\/les-sables-cayola-IMG_2495.jpg\" alt=\"pistes cyclables proche du camping aux sables d&#039;olonne\" loading=\"lazy\">\n\n\t\t\t\t\t\n\t\t\t\t\t<\/a>\n\n\t\t\t\t\t\n\t\t\t\t<\/div>\n\n\n\n\t\t\t\t\n\t\t\t\t\t<div class=\"w-100\"><\/div>\n\n\t\t\t\t\t\n\t\t\t\t\n\n\n\t\t\t\t\n\t\t\t\t\n\t\t\t\n\t\t\t<\/div>\n\n\t\t\t<\/div>\n\n\n\n\t\t\t<script>\n\n\t\t\tjQuery(function($) {\n\n\n\n\t\t\t\tvar marginPortfolio = function() {\n\n\n\n\t\t\t\t\tvar $diapo          = $('#sevgallery-2417746549');\n\n\t\t\t\t\tvar container_width = $diapo.parent().outerWidth();\n\n\t\t\t\t\tvar side            = ( $(window).innerWidth() - container_width ) \/ 2;\n\n\n\n\t\t\t\t\t$diapo.css( {\n\n\t\t\t\t\t\t'margin-left': '-' + side + 'px',\n\n\t\t\t\t\t\t'margin-right': '-' + side + 'px',\n\n\t\t\t\t\t} );\n\n\t\t\t\t};\n\n\n\n\t\t\t\t$( window ).resize( function() {\n\n\t\t\t\t\tmarginPortfolio();\n\n\t\t\t\t} );\n\n\t\t\t\tmarginPortfolio();\n\n\t\t\t});\n\n\t\t\t<\/script>\n\n\t\t\t<\/div>","protected":false},"excerpt":{"rendered":"<p>Durch den Wald streifen In der gesamten Vend\u00e9e k\u00f6nnen Sie dank der V\u00e9lodyss\u00e9e mit dem Fahrrad fahren. Dieses gro\u00dfartige Netz von Radwegen verl\u00e4uft kreuz und quer durch das gesamte Departement. Fast alle Gemeinden werden bedient, von der K\u00fcste bis ins Landesinnere. Sie k\u00f6nnen also diese gute Gelegenheit nutzen, um f\u00fcr einen kurzen oder langen Spaziergang [&hellip;]<\/p>\n","protected":false},"author":3,"featured_media":0,"parent":9292,"menu_order":0,"comment_status":"closed","ping_status":"closed","template":"","meta":{"_seopress_robots_primary_cat":"","_seopress_titles_title":"Auf Fahrradwegen durch den Wald fahren","_seopress_titles_desc":"In der Vend\u00e9e mangelt es nicht an Radwegen. Entdecken Sie das Departement auf den f\u00fcr alle geeigneten Strecken.  ","_seopress_robots_index":"","footnotes":""},"class_list":["post-9194","page","type-page","status-publish","hentry"],"_links":{"self":[{"href":"https:\/\/leboisdelagachere.com\/de\/wp-json\/wp\/v2\/pages\/9194","targetHints":{"allow":["GET"]}}],"collection":[{"href":"https:\/\/leboisdelagachere.com\/de\/wp-json\/wp\/v2\/pages"}],"about":[{"href":"https:\/\/leboisdelagachere.com\/de\/wp-json\/wp\/v2\/types\/page"}],"author":[{"embeddable":true,"href":"https:\/\/leboisdelagachere.com\/de\/wp-json\/wp\/v2\/users\/3"}],"replies":[{"embeddable":true,"href":"https:\/\/leboisdelagachere.com\/de\/wp-json\/wp\/v2\/comments?post=9194"}],"version-history":[{"count":2,"href":"https:\/\/leboisdelagachere.com\/de\/wp-json\/wp\/v2\/pages\/9194\/revisions"}],"predecessor-version":[{"id":9558,"href":"https:\/\/leboisdelagachere.com\/de\/wp-json\/wp\/v2\/pages\/9194\/revisions\/9558"}],"up":[{"embeddable":true,"href":"https:\/\/leboisdelagachere.com\/de\/wp-json\/wp\/v2\/pages\/9292"}],"wp:attachment":[{"href":"https:\/\/leboisdelagachere.com\/de\/wp-json\/wp\/v2\/media?parent=9194"}],"curies":[{"name":"wp","href":"https:\/\/api.w.org\/{rel}","templated":true}]}}