{"id":9384,"date":"2023-11-14T15:42:11","date_gmt":"2023-11-14T14:42:11","guid":{"rendered":"https:\/\/dev.leboisdelagachere.com\/standorte\/"},"modified":"2023-12-18T11:28:02","modified_gmt":"2023-12-18T10:28:02","slug":"standorte","status":"publish","type":"page","link":"https:\/\/leboisdelagachere.com\/de\/standorte\/","title":{"rendered":"Standorte"},"content":{"rendered":"\n<h1 class=\"wp-block-heading\">Stellpl\u00e4tze auf unserem Campingplatz in Les Sables d&#8217;Olonne<\/h1>\n\n\n\n<h2 class=\"wp-block-heading has-text-color has-link-color wp-elements-5dc825608b899f0baa6bc8fcd0d236ac\" style=\"color:#026678\">Stellpl\u00e4tze Camping Caravaning mit direktem Zugang zum Strand<\/h2>\n\n\n\n<div class=\"wp-block-columns alignwide are-vertically-aligned-center is-layout-flex wp-container-core-columns-is-layout-7cca1c40 wp-block-columns-is-layout-flex\" style=\"padding-top:var(--wp--preset--spacing--60);padding-bottom:var(--wp--preset--spacing--60)\">\n<div class=\"wp-block-column is-vertically-aligned-center is-layout-flow wp-block-column-is-layout-flow\" style=\"flex-basis:33.38%\">\n<p>Als Campingliebhaber k\u00f6nnen Sie Ihr Zelt, Ihren Van, Wohnwagen oder Ihr Wohnmobil auf dem Campingplatz**** Le Bois de La Gach\u00e8re in <a href=\"https:\/\/leboisdelagachere.com\/de\/durch-die-staedte-streifen\/les-sables-dolonne\/\" data-type=\"page\" data-id=\"7890\">Les Sables d&#8217;Olonne<\/a> in der Vend\u00e9e aufstellen.<\/p>\n\n\n\n<p>Sie lieben Naturcamping, dann entdecken Sie unsere Stellpl\u00e4tze auf Camping**** Le<br>Bois de La Gach\u00e8re in <strong>einem Wald aus Kiefern und Steineichen<\/strong>.<\/p>\n\n\n\n<p>Unsere Parzellen sind zwischen 80 und 140m\u00b2 gro\u00df und verf\u00fcgen \u00fcber Strom- (10A) und Wasseranschlussinseln f\u00fcr Ihren Komfort.<\/p>\n\n\n\n<p>Camper haben Zugang zu allen <a href=\"https:\/\/leboisdelagachere.com\/de\/die-dienste\/\" data-type=\"page\" data-id=\"7521\">Dienstleistungen<\/a>, <a href=\"https:\/\/leboisdelagachere.com\/de\/aktivitaeten-unterhaltung\/\" data-type=\"page\" data-id=\"7612\">Aktivit\u00e4ten <\/a>und Freizeitangeboten des Campingplatzes.<\/p>\n\n\n\n<p><strong>Ihnen stehen zwei komfortable Sanit\u00e4rbereiche zur Verf\u00fcgung:<\/strong><\/p>\n\n\n\n<ul class=\"wp-block-list\">\n<li>Duschkabinen<\/li>\n\n\n\n<li>Waschbecken in der Kabine<\/li>\n\n\n\n<li>wc und kinder wc<\/li>\n\n\n\n<li>Baby-Badezimmer mit Badewanne<\/li>\n\n\n\n<li>behindertengerechter Duschraum<\/li>\n<\/ul>\n\n\n\n<p>Au\u00dferdem stehen Ihnen ein <strong>Geschirrsp\u00fclbereich<\/strong> und ein <strong>Waschraum<\/strong> mit Waschmaschine und Trockner zur Verf\u00fcgung (M\u00fcnzen k\u00f6nnen an der Rezeption gekauft werden).<\/p>\n\n\n\n<p>Auf dem Campingplatz sind Elektro- und Gasgrills erlaubt (Kohlegrills sind strengstens verboten).<\/p>\n\n\n\n<p>Denken Sie daran, Ihre Verl\u00e4ngerungskabel (25 m) f\u00fcr den Stromanschluss mitzubringen.  <\/p>\n\n\n\n<p>Freunde von Radtouristen und Wanderern, der Campingplatz Le Bois de la Gach\u00e8re bietet Ihnen <strong>den Tarif<br>&#8222;Etappe Wandern&#8220;<\/strong> f\u00fcr eine Nacht der wohlverdienten Erholung!<\/p>\n<\/div>\n\n\n\n<div class=\"wp-block-column is-vertically-aligned-center is-layout-flow wp-block-column-is-layout-flow\" style=\"flex-basis:33%\">\n<div style=\"height:55px\" aria-hidden=\"true\" class=\"wp-block-spacer\"><\/div>\n\n\n\n<figure class=\"wp-block-image size-full is-resized\"><img loading=\"lazy\" decoding=\"async\" width=\"900\" height=\"600\" src=\"https:\/\/leboisdelagachere.com\/wp-content\/uploads\/2023\/11\/La_Gachere_28062023_005_0-1.jpg\" alt=\"vermietung ger\u00e4umiger stellplatz Vend\u00e9e\" class=\"wp-image-8315\" style=\"aspect-ratio:0.75;object-fit:cover;width:375px;height:auto\" srcset=\"https:\/\/leboisdelagachere.com\/wp-content\/uploads\/2023\/11\/La_Gachere_28062023_005_0-1.jpg 900w, https:\/\/leboisdelagachere.com\/wp-content\/uploads\/2023\/11\/La_Gachere_28062023_005_0-1-300x200.jpg 300w, https:\/\/leboisdelagachere.com\/wp-content\/uploads\/2023\/11\/La_Gachere_28062023_005_0-1-768x512.jpg 768w\" sizes=\"auto, (max-width: 900px) 100vw, 900px\" \/><\/figure>\n<\/div>\n\n\n\n<div class=\"wp-block-column is-vertically-aligned-center is-layout-flow wp-block-column-is-layout-flow\" style=\"flex-basis:33.62%\">\n<figure class=\"wp-block-image size-full is-resized\"><img loading=\"lazy\" decoding=\"async\" width=\"620\" height=\"466\" src=\"https:\/\/leboisdelagachere.com\/wp-content\/uploads\/2023\/12\/00000526450.webp\" alt=\"vermietung camp\u00e9toile Vend\u00e9e\" class=\"wp-image-8794\" style=\"aspect-ratio:0.75;object-fit:cover;width:382px;height:auto\" srcset=\"https:\/\/leboisdelagachere.com\/wp-content\/uploads\/2023\/12\/00000526450.webp 620w, https:\/\/leboisdelagachere.com\/wp-content\/uploads\/2023\/12\/00000526450-300x225.webp 300w\" sizes=\"auto, (max-width: 620px) 100vw, 620px\" \/><\/figure>\n<\/div>\n<\/div>\n\n\n\n<figure class=\"wp-block-image aligncenter size-full is-resized\"><img decoding=\"async\" src=\"https:\/\/leboisdelagachere.com\/wp-content\/uploads\/2023\/11\/trait.png\" alt=\"\" class=\"wp-image-7498\" style=\"width:150px\"\/><\/figure>\n\n\n\n<div class=\"wp-block-group alignfull has-background is-layout-constrained wp-block-group-is-layout-constrained\" style=\"background-color:#026678;padding-top:var(--wp--preset--spacing--70);padding-bottom:var(--wp--preset--spacing--70)\">\n<h2 class=\"wp-block-heading has-white-color has-text-color has-link-color wp-elements-e0f2660d3d893db9beca255ad343719b\">Entdecken Sie unsere verschiedenen Stellplatzpauschalen<\/h2>\n\n\n\n<h3 class=\"wp-block-heading has-white-color has-text-color has-link-color wp-elements-61581469080a74c86698299ed8ca3819\" style=\"padding-top:var(--wp--preset--spacing--40);padding-bottom:var(--wp--preset--spacing--40)\"><strong>Camp\u00e9toile<\/strong><\/h3>\n\n\n\n<p class=\"has-white-color has-text-color has-link-color wp-elements-56f48e7675b82a2e32b01691c663365c\"><strong>Ecolodge Camp\u00e9toile 1 Zimmer f\u00fcr 2 Personen :<\/strong><\/p>\n\n\n\n<p class=\"has-white-color has-text-color has-link-color wp-elements-6db2808c79b36ad89263ec71f082a216\">Essecke<br>1 Schlafzimmer mit 1 Doppelbett (140&#215;190)<\/p>\n\n\n\n<p class=\"has-white-color has-text-color has-link-color wp-elements-b267f44fcf5cd60b7c048623c74a55c3\"><strong>Das Zelt Camp\u00e9toile umfasst :<\/strong><\/p>\n\n\n\n<ul class=\"has-white-color has-text-color has-link-color wp-block-list wp-elements-a631ea23c9fea5e1ba17913ae4d12bd9\">\n<li>1 Au\u00dfentisch mit B\u00e4nken<\/li>\n\n\n\n<li>Kopfkissen, Bettw\u00e4sche und Decken werden f\u00fcr jeden Schlafplatz bereitgestellt (gegen Aufpreis)<\/li>\n<\/ul>\n\n\n\n<p><\/p>\n\n\n<p><ctv-product data-product-id=\"78690\" ><\/ctv-product><\/p>\n\n\n\n<figure class=\"wp-block-image aligncenter size-full is-resized\"><img decoding=\"async\" src=\"https:\/\/leboisdelagachere.com\/wp-content\/uploads\/2023\/11\/trait.png\" alt=\"\" class=\"wp-image-7498\" style=\"width:150px\"\/><\/figure>\n\n\n\n<h3 class=\"wp-block-heading has-white-color has-text-color has-link-color wp-elements-28af9efb80dcbd5ffc84d5750e6d7d00\" style=\"padding-top:var(--wp--preset--spacing--50);padding-bottom:var(--wp--preset--spacing--50)\"><strong>Stellplatz + Fahrzeug + Strom<\/strong><\/h3>\n\n\n<p><ctv-product data-product-id=\"78689\" ><\/ctv-product><\/p>\n\n\n\n<figure class=\"wp-block-image aligncenter size-full is-resized\"><img decoding=\"async\" src=\"https:\/\/leboisdelagachere.com\/wp-content\/uploads\/2023\/11\/trait.png\" alt=\"\" class=\"wp-image-7498\" style=\"width:150px\"\/><\/figure>\n\n\n\n<h3 class=\"wp-block-heading has-white-color has-text-color has-link-color wp-elements-57bd3223171635d4222f5c288a9caf6f\" style=\"padding-top:var(--wp--preset--spacing--40);padding-bottom:var(--wp--preset--spacing--40)\"><strong>Standort Fahrradetappe<\/strong><\/h3>\n\n\n<p><ctv-product data-product-id=\"127680\" ><\/ctv-product><\/p>\n<\/div>\n\n\n<div class=\"wp-block-sev-diaporama alignfull\">\n\t\t\t<div id=\"sevgallery-4076146406\" class=\"sev-diaporama sev-diaporama-portfolio\">\n\n\t\t\t<div class=\"row\">\n\n\n\n\t\t\t\n\n\n\t\t\t\t\n\n\n\t\t\t\t<div class=\"sev-diaporama-portfolio-item col-12 col-sm \">\n\n\n\n\t\t\t\t\t\n\t\t\t\t\t\t\t\t\t\t<a href=\"https:\/\/leboisdelagachere.com\/wp-content\/uploads\/2023\/11\/La_Gachere_28062023_005_0.jpg\" data-lightbox=\"sevgallery-4076146406\" style=\"background-image: url(https:\/\/leboisdelagachere.com\/wp-content\/uploads\/2023\/11\/La_Gachere_28062023_005_0.jpg)\">\n\n\t\t\t\t\t\n\t\t\t\t\t\t<img decoding=\"async\" src=\"https:\/\/leboisdelagachere.com\/wp-content\/uploads\/2023\/11\/La_Gachere_28062023_005_0.jpg\" alt=\"location emplacement spacieux avec branchement\" loading=\"lazy\">\n\n\t\t\t\t\t\n\t\t\t\t\t<\/a>\n\n\t\t\t\t\t\n\t\t\t\t<\/div>\n\n\n\n\t\t\t\t\n\n\n\t\t\t\t\n\t\t\t\t\n\t\t\t\n\n\n\t\t\t\t\n\n\n\t\t\t\t<div class=\"sev-diaporama-portfolio-item col-12 col-sm  col-shrink\">\n\n\n\n\t\t\t\t\t\n\t\t\t\t\t\t\t\t\t\t<a href=\"https:\/\/leboisdelagachere.com\/wp-content\/uploads\/2023\/11\/photo3-emplacements-camping-la-gachere-camping-olonne-sur-mer.jpg\" data-lightbox=\"sevgallery-4076146406\" style=\"background-image: url(https:\/\/leboisdelagachere.com\/wp-content\/uploads\/2023\/11\/photo3-emplacements-camping-la-gachere-camping-olonne-sur-mer.jpg)\">\n\n\t\t\t\t\t\n\t\t\t\t\t\t<img decoding=\"async\" src=\"https:\/\/leboisdelagachere.com\/wp-content\/uploads\/2023\/11\/photo3-emplacements-camping-la-gachere-camping-olonne-sur-mer.jpg\" alt=\"location emplacement spacieux les sables d&#039;olonne\" loading=\"lazy\">\n\n\t\t\t\t\t\n\t\t\t\t\t<\/a>\n\n\t\t\t\t\t\n\t\t\t\t<\/div>\n\n\n\n\t\t\t\t\n\n\n\t\t\t\t\n\t\t\t\t\n\t\t\t\n\n\n\t\t\t\t\n\n\n\t\t\t\t<div class=\"sev-diaporama-portfolio-item col-12 col-sm  col-shrink\">\n\n\n\n\t\t\t\t\t\n\t\t\t\t\t\t\t\t\t\t<a href=\"https:\/\/leboisdelagachere.com\/wp-content\/uploads\/2023\/11\/photo4-emplacements-camping-la-gachere-camping-olonne-sur-mer.jpg\" data-lightbox=\"sevgallery-4076146406\" style=\"background-image: url(https:\/\/leboisdelagachere.com\/wp-content\/uploads\/2023\/11\/photo4-emplacements-camping-la-gachere-camping-olonne-sur-mer.jpg)\">\n\n\t\t\t\t\t\n\t\t\t\t\t\t<img decoding=\"async\" src=\"https:\/\/leboisdelagachere.com\/wp-content\/uploads\/2023\/11\/photo4-emplacements-camping-la-gachere-camping-olonne-sur-mer.jpg\" alt=\"location emplacement spacieux les sables d&#039;olonne\" loading=\"lazy\">\n\n\t\t\t\t\t\n\t\t\t\t\t<\/a>\n\n\t\t\t\t\t\n\t\t\t\t<\/div>\n\n\n\n\t\t\t\t\n\n\n\t\t\t\t\n\t\t\t\t\n\t\t\t\n\n\n\t\t\t\t\n\n\n\t\t\t\t<div class=\"sev-diaporama-portfolio-item col-12 col-sm  col-grow\">\n\n\n\n\t\t\t\t\t\n\t\t\t\t\t\t\t\t\t\t<a href=\"https:\/\/leboisdelagachere.com\/wp-content\/uploads\/2023\/11\/photo5-emplacements-camping-la-gachere-camping-olonne-sur-mer.jpg\" data-lightbox=\"sevgallery-4076146406\" style=\"background-image: url(https:\/\/leboisdelagachere.com\/wp-content\/uploads\/2023\/11\/photo5-emplacements-camping-la-gachere-camping-olonne-sur-mer.jpg)\">\n\n\t\t\t\t\t\n\t\t\t\t\t\t<img decoding=\"async\" src=\"https:\/\/leboisdelagachere.com\/wp-content\/uploads\/2023\/11\/photo5-emplacements-camping-la-gachere-camping-olonne-sur-mer.jpg\" alt=\"location emplacement spacieux et ombrag\u00e9s les sables d&#039;olonne\" loading=\"lazy\">\n\n\t\t\t\t\t\n\t\t\t\t\t<\/a>\n\n\t\t\t\t\t\n\t\t\t\t<\/div>\n\n\n\n\t\t\t\t\n\t\t\t\t\t<div class=\"w-100\"><\/div>\n\n\t\t\t\t\t\n\t\t\t\t\n\n\n\t\t\t\t\n\t\t\t\t\n\t\t\t\n\n\n\t\t\t\t\n\n\n\t\t\t\t<div class=\"sev-diaporama-portfolio-item col-12 col-sm  col-shrink\">\n\n\n\n\t\t\t\t\t\n\t\t\t\t\t\t\t\t\t\t<a href=\"https:\/\/leboisdelagachere.com\/wp-content\/uploads\/2023\/11\/photo6-emplacements-camping-la-gachere-camping-olonne-sur-mer-1.jpg\" data-lightbox=\"sevgallery-4076146406\" style=\"background-image: url(https:\/\/leboisdelagachere.com\/wp-content\/uploads\/2023\/11\/photo6-emplacements-camping-la-gachere-camping-olonne-sur-mer-1.jpg)\">\n\n\t\t\t\t\t\n\t\t\t\t\t\t<img decoding=\"async\" src=\"https:\/\/leboisdelagachere.com\/wp-content\/uploads\/2023\/11\/photo6-emplacements-camping-la-gachere-camping-olonne-sur-mer-1.jpg\" alt=\"location emplacement spacieux et ombrag\u00e9s les sables d&#039;olonne\" loading=\"lazy\">\n\n\t\t\t\t\t\n\t\t\t\t\t<\/a>\n\n\t\t\t\t\t\n\t\t\t\t<\/div>\n\n\n\n\t\t\t\t\n\n\n\t\t\t\t\n\t\t\t\t\n\t\t\t\n\n\n\t\t\t\t\n\n\n\t\t\t\t<div class=\"sev-diaporama-portfolio-item col-12 col-sm  col-shrink\">\n\n\n\n\t\t\t\t\t\n\t\t\t\t\t\t\t\t\t\t<a href=\"https:\/\/leboisdelagachere.com\/wp-content\/uploads\/2023\/11\/photo8-emplacements-camping-la-gachere-camping-olonne-sur-mer.jpg\" data-lightbox=\"sevgallery-4076146406\" style=\"background-image: url(https:\/\/leboisdelagachere.com\/wp-content\/uploads\/2023\/11\/photo8-emplacements-camping-la-gachere-camping-olonne-sur-mer.jpg)\">\n\n\t\t\t\t\t\n\t\t\t\t\t\t<img decoding=\"async\" src=\"https:\/\/leboisdelagachere.com\/wp-content\/uploads\/2023\/11\/photo8-emplacements-camping-la-gachere-camping-olonne-sur-mer.jpg\" alt=\"location emplacement spacieux et ombrag\u00e9s les sables d&#039;olonne\" loading=\"lazy\">\n\n\t\t\t\t\t\n\t\t\t\t\t<\/a>\n\n\t\t\t\t\t\n\t\t\t\t<\/div>\n\n\n\n\t\t\t\t\n\n\n\t\t\t\t\n\t\t\t\t\n\t\t\t\n\n\n\t\t\t\t\n\n\n\t\t\t\t<div class=\"sev-diaporama-portfolio-item col-12 col-sm  col-grow\">\n\n\n\n\t\t\t\t\t\n\t\t\t\t\t\t\t\t\t\t<a href=\"https:\/\/leboisdelagachere.com\/wp-content\/uploads\/2023\/11\/photo10-emplacements-camping-la-gachere-camping-olonne-sur-mer.jpg\" data-lightbox=\"sevgallery-4076146406\" style=\"background-image: url(https:\/\/leboisdelagachere.com\/wp-content\/uploads\/2023\/11\/photo10-emplacements-camping-la-gachere-camping-olonne-sur-mer.jpg)\">\n\n\t\t\t\t\t\n\t\t\t\t\t\t<img decoding=\"async\" src=\"https:\/\/leboisdelagachere.com\/wp-content\/uploads\/2023\/11\/photo10-emplacements-camping-la-gachere-camping-olonne-sur-mer.jpg\" alt=\"location emplacement spacieux et ombrag\u00e9s les sables d&#039;olonne\" loading=\"lazy\">\n\n\t\t\t\t\t\n\t\t\t\t\t<\/a>\n\n\t\t\t\t\t\n\t\t\t\t<\/div>\n\n\n\n\t\t\t\t\n\n\n\t\t\t\t\n\t\t\t\t\n\t\t\t\n\t\t\t<\/div>\n\n\t\t\t<\/div>\n\n\n\n\t\t\t<script>\n\n\t\t\tjQuery(function($) {\n\n\n\n\t\t\t\tvar marginPortfolio = function() {\n\n\n\n\t\t\t\t\tvar $diapo          = $('#sevgallery-4076146406');\n\n\t\t\t\t\tvar container_width = $diapo.parent().outerWidth();\n\n\t\t\t\t\tvar side            = ( $(window).innerWidth() - container_width ) \/ 2;\n\n\n\n\t\t\t\t\t$diapo.css( {\n\n\t\t\t\t\t\t'margin-left': '-' + side + 'px',\n\n\t\t\t\t\t\t'margin-right': '-' + side + 'px',\n\n\t\t\t\t\t} );\n\n\t\t\t\t};\n\n\n\n\t\t\t\t$( window ).resize( function() {\n\n\t\t\t\t\tmarginPortfolio();\n\n\t\t\t\t} );\n\n\t\t\t\tmarginPortfolio();\n\n\t\t\t});\n\n\t\t\t<\/script>\n\n\t\t\t<\/div>","protected":false},"excerpt":{"rendered":"<p>Stellpl\u00e4tze auf unserem Campingplatz in Les Sables d&#8217;Olonne Stellpl\u00e4tze Camping Caravaning mit direktem Zugang zum Strand Als Campingliebhaber k\u00f6nnen Sie Ihr Zelt, Ihren Van, Wohnwagen oder Ihr Wohnmobil auf dem Campingplatz**** Le Bois de La Gach\u00e8re in Les Sables d&#8217;Olonne in der Vend\u00e9e aufstellen. Sie lieben Naturcamping, dann entdecken Sie unsere Stellpl\u00e4tze auf Camping**** LeBois [&hellip;]<\/p>\n","protected":false},"author":3,"featured_media":0,"parent":0,"menu_order":0,"comment_status":"closed","ping_status":"closed","template":"","meta":{"_seopress_robots_primary_cat":"","_seopress_titles_title":"Stellpl\u00e4tze des 4-Sterne-Campingplatzes in Les Sables d&#039;Olonne  ","_seopress_titles_desc":"Entscheiden Sie sich f\u00fcr die Anmietung eines Stellplatzes f\u00fcr Ihr Zelt, Ihren Wohnwagen oder Ihr Wohnmobil. Ger\u00e4umiger Stellplatz im Herzen des Waldes.  ","_seopress_robots_index":"","footnotes":""},"class_list":["post-9384","page","type-page","status-publish","hentry"],"_links":{"self":[{"href":"https:\/\/leboisdelagachere.com\/de\/wp-json\/wp\/v2\/pages\/9384","targetHints":{"allow":["GET"]}}],"collection":[{"href":"https:\/\/leboisdelagachere.com\/de\/wp-json\/wp\/v2\/pages"}],"about":[{"href":"https:\/\/leboisdelagachere.com\/de\/wp-json\/wp\/v2\/types\/page"}],"author":[{"embeddable":true,"href":"https:\/\/leboisdelagachere.com\/de\/wp-json\/wp\/v2\/users\/3"}],"replies":[{"embeddable":true,"href":"https:\/\/leboisdelagachere.com\/de\/wp-json\/wp\/v2\/comments?post=9384"}],"version-history":[{"count":2,"href":"https:\/\/leboisdelagachere.com\/de\/wp-json\/wp\/v2\/pages\/9384\/revisions"}],"predecessor-version":[{"id":9556,"href":"https:\/\/leboisdelagachere.com\/de\/wp-json\/wp\/v2\/pages\/9384\/revisions\/9556"}],"wp:attachment":[{"href":"https:\/\/leboisdelagachere.com\/de\/wp-json\/wp\/v2\/media?parent=9384"}],"curies":[{"name":"wp","href":"https:\/\/api.w.org\/{rel}","templated":true}]}}