{"id":9427,"date":"2022-12-01T23:42:07","date_gmt":"2022-12-01T22:42:07","guid":{"rendered":"https:\/\/dev.leboisdelagachere.com\/accueil\/"},"modified":"2023-12-18T11:22:50","modified_gmt":"2023-12-18T10:22:50","slug":"accueil","status":"publish","type":"page","link":"https:\/\/leboisdelagachere.com\/de\/","title":{"rendered":"Accueil"},"content":{"rendered":"\n<h1 class=\"wp-block-heading alignwide\" id=\"accueil\">Willkommen auf dem Campingplatz Le Bois de La Gach\u00e8re ****<\/h1>\n\n\n\n<h2 class=\"wp-block-heading alignwide has-text-color has-link-color wp-elements-b69cb8a3377820ac261bdf11312b5e03\" style=\"color:#026678\">Ein 4-Sterne-Campingplatz im Herzen des Waldes mit direktem Zugang zum Strand<\/h2>\n\n\n\n<div class=\"wp-block-columns alignwide are-vertically-aligned-center is-layout-flex wp-container-core-columns-is-layout-cf05694f wp-block-columns-is-layout-flex\">\n<div class=\"wp-block-column is-vertically-aligned-center is-layout-flow wp-block-column-is-layout-flow\" style=\"flex-basis:66.66%\">\n<p>Entdecken Sie den <strong>4-Sterne-Campingplatz Le Bois de la Gach\u00e8re<\/strong> <a href=\"https:\/\/leboisdelagachere.com\/de\/durch-die-staedte-streifen\/les-sables-dolonne\/\" data-type=\"page\" data-id=\"7890\">in Les Sables d&#8217;Olonne<\/a>.<\/p>\n\n\n\n<p>Inmitten einer gesch\u00fctzten Natur, in einem Wald aus Kiefern und Steineichen, k\u00f6nnen Sie<br>profitieren Sie von einem <a href=\"https:\/\/leboisdelagachere.com\/de\/die-straende\/\" data-type=\"page\" data-id=\"7864\">direkten Zugang zum Strand Les Granges<\/a>, einem der sch\u00f6nsten Str\u00e4nde des Landes<br>d&#8217;Olonne (ca. 1 km auf einem Waldweg).<\/p>\n\n\n\n<p>In einer angenehmen Umgebung, die Ruhe und Entspannung f\u00f6rdert, bietet der Campingplatz Le Bois Gach\u00e8re<br>bietet <a href=\"https:\/\/leboisdelagachere.com\/de\/standorte\/\" data-type=\"page\" data-id=\"7713\">Stellpl\u00e4tze<\/a> f\u00fcr Zelte, Vans, Wohnwagen und Wohnmobile sowie<br><a href=\"https:\/\/leboisdelagachere.com\/de\/unterkuenfte\/\" data-type=\"page\" data-id=\"6946\">Mobilheime mit allem Komfort<\/a> f\u00fcr Liebhaber des Naturcampings.<\/p>\n\n\n\n<p>Nutzen Sie unseren <a href=\"https:\/\/leboisdelagachere.com\/de\/wasserraum\/\" data-type=\"page\" data-id=\"7660\">Wasserbereich<\/a> mit seinem beheizten Schwimmbad und seinem Planschbecken&#8230; f\u00fcr<br>garantierte Entspannungsmomente.<br>Das Hallenbad ist w\u00e4hrend der gesamten \u00d6ffnungszeiten des Campingplatzes in Betrieb.<\/p>\n\n\n\n<p>W\u00e4hrend Ihres Aufenthalts k\u00f6nnen Sie <a href=\"https:\/\/leboisdelagachere.com\/de\/durch-die-staedte-streifen\/les-sables-dolonne\/\" data-type=\"page\" data-id=\"7890\">Les Sables d&#8217;Olonne<\/a> und seine Umgebung erkunden: die<br>wilde K\u00fcste, der Staatswald, die <a href=\"https:\/\/leboisdelagachere.com\/de\/urlaubsbuch\/salzsuempfe\/\" data-type=\"page\" data-id=\"8056\">Salzg\u00e4rten<\/a> und<a href=\"https:\/\/leboisdelagachere.com\/de\/durch-die-staedte-streifen\/\" data-type=\"page\" data-id=\"7943\"> die charmanten Badeorte<\/a><br>der K\u00fcste der Vend\u00e9e.<\/p>\n<\/div>\n\n\n\n<div class=\"wp-block-column is-vertically-aligned-center is-layout-flow wp-block-column-is-layout-flow\" style=\"padding-top:0;flex-basis:33.33%\">\n<div class=\"wp-block-columns is-layout-flex wp-container-core-columns-is-layout-159f51c6 wp-block-columns-is-layout-flex\" style=\"margin-top:0\">\n<div class=\"wp-block-column is-layout-flow wp-block-column-is-layout-flow\">\n<p class=\"has-playfair-display-font-family\">Lokalisierung :<br>1 Route de la Gach\u00e8re<br>85340 &#8211; Les Sables d&#8217;Olonne<\/p>\n\n\n\n<p class=\"content-tel has-playfair-display-font-family\" style=\"font-size:110%\">02 51 22 65 82<\/p>\n<\/div>\n\n\n\n<div class=\"wp-block-column is-layout-flow wp-block-column-is-layout-flow\">\n<figure class=\"wp-block-image aligncenter size-full\"><img loading=\"lazy\" decoding=\"async\" width=\"1033\" height=\"629\" src=\"https:\/\/leboisdelagachere.com\/wp-content\/uploads\/2023\/11\/logo-profil-1.png\" alt=\"Campingplatz le Bois de la Gach\u00e8re in der Vend\u00e9e\" class=\"wp-image-7334\" srcset=\"https:\/\/leboisdelagachere.com\/wp-content\/uploads\/2023\/11\/logo-profil-1.png 1033w, https:\/\/leboisdelagachere.com\/wp-content\/uploads\/2023\/11\/logo-profil-1-300x183.png 300w, https:\/\/leboisdelagachere.com\/wp-content\/uploads\/2023\/11\/logo-profil-1-1024x624.png 1024w, https:\/\/leboisdelagachere.com\/wp-content\/uploads\/2023\/11\/logo-profil-1-768x468.png 768w\" sizes=\"auto, (max-width: 1033px) 100vw, 1033px\" \/><\/figure>\n<\/div>\n<\/div>\n\n\n\n<p style=\"margin-top:var(--wp--preset--spacing--60);margin-bottom:var(--wp--preset--spacing--60)\"><img loading=\"lazy\" decoding=\"async\" width=\"15\" height=\"13\" class=\"wp-image-7382\" style=\"width: 15px;\" src=\"https:\/\/leboisdelagachere.com\/wp-content\/uploads\/2023\/11\/guilmet-ok-couleur.png\" alt=\"camping au coeur du bois\" srcset=\"https:\/\/leboisdelagachere.com\/wp-content\/uploads\/2023\/11\/guilmet-ok-couleur.png 528w, https:\/\/leboisdelagachere.com\/wp-content\/uploads\/2023\/11\/guilmet-ok-couleur-300x263.png 300w\" sizes=\"auto, (max-width: 15px) 100vw, 15px\" \/><em><strong>Auf dem Campingplatz La Gach\u00e8re ist alles vorhanden, damit Sie einen gelungenen Aufenthalt zu zweit, mit der Familie oder mit Freunden verbringen k\u00f6nnen!<\/strong><\/em><\/p>\n<\/div>\n<\/div>\n\n\n\n<section class=\"wp-block-group alignfull has-background is-layout-constrained wp-block-group-is-layout-constrained\" id=\"camping\" style=\"background-color:#026678\">\n<div class=\"wp-block-sev-overlay-banner alignfull is-style-image_left\" id=\"boisverdon\" style=\"padding-top:var(--wp--preset--spacing--80);padding-right:0;padding-bottom:var(--wp--preset--spacing--80);padding-left:var(--wp--preset--spacing--60)\"><div class=\"wp-block-sev-overlay-banner-image\" style=\"flex-basis:55%\"><img decoding=\"async\" src=\"https:\/\/leboisdelagachere.com\/wp-content\/uploads\/2023\/11\/accueil-services.jpg\" alt=\"\"\/><\/div><div class=\"wp-block-sev-overlay-banner-content\" style=\"flex-basis:calc( ( 100% - 55% ) + 10% )\">\n<h2 class=\"wp-block-heading has-text-align-left has-title-font-font-family has-grand-font-size\" style=\"letter-spacing:4px;text-transform:capitalize\">Entdecken Sie unseren Campingplatz<\/h2>\n\n\n\n<p class=\"has-text-color has-link-color has-title-font-font-family wp-elements-0c77d17a000b6cb115ab8583e7f97b39\" style=\"color:#026678;padding-top:var(--wp--preset--spacing--40);padding-right:0rem;padding-bottom:0rem;padding-left:0rem;font-size:1.5rem;font-style:normal;font-weight:400;letter-spacing:4px;text-transform:uppercase\">Dienstleistungen und Aktivit\u00e4ten f\u00fcr alle!<\/p>\n\n\n\n<div class=\"wp-block-sev-featured-text\" style=\"width:50%\"><div class=\"wp-block-sev-featured-text-content\"><a href=\"https:\/\/leboisdelagachere.com\/de\/gute-gruende-fuer-einen-besuch-im-bois-de-la-gachere\/\" data-type=\"page\" data-id=\"7461\">Gute Gr\u00fcnde f\u00fcr einen Besuch im Bois de la Gach\u00e8re<\/a><\/div><\/div>\n\n\n\n<div class=\"wp-block-sev-featured-text\" style=\"width:50%\"><div class=\"wp-block-sev-featured-text-content\"><a href=\"https:\/\/leboisdelagachere.com\/de\/die-dienste\/\" data-type=\"page\" data-id=\"7521\">Dienstleistungen &amp; Snackbar<\/a><\/div><\/div>\n\n\n\n<div class=\"wp-block-sev-featured-text\" style=\"width:50%\"><div class=\"wp-block-sev-featured-text-content\"><a href=\"https:\/\/leboisdelagachere.com\/de\/aktivitaeten-unterhaltung\/\" data-type=\"page\" data-id=\"7612\">Animationen<\/a><\/div><\/div>\n\n\n\n<div class=\"wp-block-sev-featured-text\" style=\"width:50%\"><div class=\"wp-block-sev-featured-text-content\"><a href=\"https:\/\/leboisdelagachere.com\/de\/wasserraum\/\" data-type=\"page\" data-id=\"7660\">Wasserraum<\/a><\/div><\/div>\n\n\n\n<div class=\"wp-block-sev-featured-text\" style=\"width:50%\"><div class=\"wp-block-sev-featured-text-content\"><a href=\"https:\/\/leboisdelagachere.com\/de\/foto-videogalerie\/\" data-type=\"page\" data-id=\"7681\">Foto- &amp; Videogalerie<\/a><\/div><\/div>\n<\/div><\/div>\n<\/section>\n\n\n\n<div class=\"wp-block-cover alignfull is-light has-parallax has-custom-content-position is-position-bottom-left\" style=\"margin-top:0;min-height:40vh;aspect-ratio:unset;\" id=\"hebergements\"><span aria-hidden=\"true\" class=\"wp-block-cover__background has-background-dim wp-block-cover__gradient-background has-background-gradient\" style=\"background:linear-gradient(135deg,rgb(1,1,1) 0%,rgba(255,255,255,0) 100%)\"><\/span><div role=\"img\" class=\"wp-block-cover__image-background wp-image-7352 has-parallax\" style=\"background-position:50% 50%;background-image:url(https:\/\/leboisdelagachere.com\/wp-content\/uploads\/2023\/11\/locatio-nmobil-home.jpg)\"><\/div><div class=\"wp-block-cover__inner-container is-layout-flow wp-block-cover-is-layout-flow\">\n<h2 class=\"wp-block-heading has-gris-tres-fonce-color has-white-background-color has-text-color has-background has-grand-font-size\" style=\"text-transform:none\">Unterk\u00fcnfte<\/h2>\n<\/div><\/div>\n\n\n\n<div class=\"wp-block-group alignwide is-layout-flow wp-block-group-is-layout-flow\">\n<p class=\"has-text-color has-link-color has-title-font-font-family wp-elements-76509cc8f6145be9c2b09c577c61c66e\" style=\"color:#026678;padding-top:1.5rem;padding-right:0rem;padding-bottom:0rem;padding-left:2rem;font-size:1.5rem;letter-spacing:4px;text-transform:uppercase\">Entdecken Sie unsere Ferienh\u00e4user, ideal f\u00fcr Ihren Familienurlaub in der Vend\u00e9e<\/p>\n<\/div>\n\n\n\n<div class=\"wp-block-columns alignfull is-layout-flex wp-container-core-columns-is-layout-059203fb wp-block-columns-is-layout-flex\" style=\"padding-top:var(--wp--preset--spacing--60);padding-right:var(--wp--preset--spacing--60);padding-bottom:var(--wp--preset--spacing--60);padding-left:var(--wp--preset--spacing--60)\">\n<div class=\"wp-block-column is-layout-flow wp-block-column-is-layout-flow\">\n<div class=\"wp-block-sev-encart\"><a href=\"https:\/\/leboisdelagachere.com\/de\/unterkuenfte\/#premium\"><img decoding=\"async\" src=\"https:\/\/leboisdelagachere.com\/wp-content\/uploads\/2023\/12\/884-3-CJ_SALON-EXT_OHARA_2024.jpg-800px.jpg\" alt=\"\"\/><div class=\"wp-block-sev-encart-content\"><div class=\"wp-block-sev-encart-label\">Mobilheime C\u00f4t\u00e9 For\u00eat<\/div><\/div><div class=\"wp-block-sev-encart-btn\">Entdecken Sie<\/div><\/a><\/div>\n<\/div>\n\n\n\n<div class=\"wp-block-column is-layout-flow wp-block-column-is-layout-flow\">\n<div class=\"wp-block-sev-encart\"><a href=\"https:\/\/leboisdelagachere.com\/de\/unterkuenfte\/#classique\"><img decoding=\"async\" src=\"https:\/\/leboisdelagachere.com\/wp-content\/uploads\/2023\/12\/884-3CH_SDE_OHARA_2024-1-.jpg-800px.jpg\" alt=\"\"\/><div class=\"wp-block-sev-encart-content\"><div class=\"wp-block-sev-encart-label\">Mobilheime Klassisch<\/div><\/div><div class=\"wp-block-sev-encart-btn\">Entdecken Sie<\/div><\/a><\/div>\n<\/div>\n\n\n\n<div class=\"wp-block-column is-layout-flow wp-block-column-is-layout-flow\">\n<div class=\"wp-block-sev-encart\"><a href=\"https:\/\/leboisdelagachere.com\/de\/unterkuenfte\/#cottages\"><img decoding=\"async\" src=\"https:\/\/leboisdelagachere.com\/wp-content\/uploads\/2023\/12\/Screenshot_20231204_125022_Drive.jpg\" alt=\"\"\/><div class=\"wp-block-sev-encart-content\"><div class=\"wp-block-sev-encart-label\">Cottages<\/div><\/div><div class=\"wp-block-sev-encart-btn\">Entdecken Sie<\/div><\/a><\/div>\n<\/div>\n<\/div>\n\n\n\n<div id=\"emplacements\" class=\"wp-block-group is-layout-constrained wp-block-group-is-layout-constrained\">\n<div class=\"wp-block-sev-encart encart-nos-emplacements\"><a href=\"https:\/\/leboisdelagachere.com\/de\/standorte\/\"><img decoding=\"async\" src=\"https:\/\/leboisdelagachere.com\/wp-content\/uploads\/2023\/11\/La_Gachere_28062023_005_0-1.jpg\" alt=\"\"\/><div class=\"wp-block-sev-encart-content\"><div class=\"wp-block-sev-encart-label\">Unsere Standorte<\/div><\/div><div class=\"wp-block-sev-encart-btn\">Entdecken Sie<\/div><\/a><\/div>\n<\/div>\n\n\n\n<div class=\"wp-block-buttons is-content-justification-center is-layout-flex wp-container-core-buttons-is-layout-dd320d38 wp-block-buttons-is-layout-flex\" style=\"margin-bottom:var(--wp--preset--spacing--40)\">\n<div class=\"wp-block-button has-custom-font-size has-petit-font-size\" style=\"letter-spacing:2px;text-transform:uppercase\"><a class=\"wp-block-button__link has-white-color has-text-color has-background wp-element-button\" href=\"https:\/\/leboisdelagachere.com\/de\/unterkuenfte\" style=\"border-radius:0px;background-color:#026678;padding-top:var(--wp--preset--spacing--40);padding-right:var(--wp--preset--spacing--50);padding-bottom:var(--wp--preset--spacing--40);padding-left:var(--wp--preset--spacing--50)\">Alle Unterk\u00fcnfte ansehen<\/a><\/div>\n<\/div>\n\n\n\n<div class=\"wp-block-group alignfull is-layout-constrained wp-block-group-is-layout-constrained\" id=\"les-sables-d'olonne\">\n<div class=\"wp-block-cover alignfull has-parallax has-custom-content-position is-position-bottom-left\" style=\"margin-top:var(--wp--preset--spacing--80);min-height:40vh;aspect-ratio:unset;\" id=\"lessables\"><span aria-hidden=\"true\" class=\"wp-block-cover__background has-background-dim wp-block-cover__gradient-background has-background-gradient\" style=\"background:linear-gradient(135deg,rgb(0,0,0) 0%,rgba(255,255,255,0) 100%)\"><\/span><div role=\"img\" class=\"wp-block-cover__image-background wp-image-8313 has-parallax\" style=\"background-position:50% 50%;background-image:url(https:\/\/leboisdelagachere.com\/wp-content\/uploads\/2023\/11\/PlageLesGranges1-2.jpg)\"><\/div><div class=\"wp-block-cover__inner-container is-layout-flow wp-block-cover-is-layout-flow\">\n<h2 class=\"wp-block-heading has-gris-tres-fonce-color has-white-background-color has-text-color has-background has-grand-font-size\" style=\"text-transform:none\">Les Sables d&#8217;Olonne<\/h2>\n<\/div><\/div>\n\n\n\n<div class=\"wp-block-group alignwide is-layout-flow wp-block-group-is-layout-flow\" style=\"margin-top:0\">\n<p class=\"has-text-color has-link-color has-title-font-font-family wp-elements-ff89ca39ebb2a7fe19e1740b3a6f2d3c\" style=\"color:#026678;margin-top:var(--wp--preset--spacing--50);margin-left:2rem;font-size:1.5rem;letter-spacing:4px;text-transform:uppercase\">Gehen Sie auf Entdeckungsreise in diesem landschaftlich reichen Departement  <\/p>\n<\/div>\n\n\n\n<div class=\"wp-block-columns alignfull is-layout-flex wp-container-core-columns-is-layout-059203fb wp-block-columns-is-layout-flex\" style=\"padding-top:var(--wp--preset--spacing--60);padding-right:var(--wp--preset--spacing--60);padding-bottom:var(--wp--preset--spacing--60);padding-left:var(--wp--preset--spacing--60)\">\n<div class=\"wp-block-column is-layout-flow wp-block-column-is-layout-flow\">\n<div class=\"wp-block-sev-encart\"><a href=\"https:\/\/leboisdelagachere.com\/de\/in-das-herz-der-natur-eintauchen\/\"><img decoding=\"async\" src=\"https:\/\/leboisdelagachere.com\/wp-content\/uploads\/2023\/11\/La_Gachere_28062023_083_0.jpg\" alt=\"\"\/><div class=\"wp-block-sev-encart-content\"><div class=\"wp-block-sev-encart-label\">In das Herz der Natur eintauchen<\/div><\/div><div class=\"wp-block-sev-encart-btn\">Entdecken Sie<\/div><\/a><\/div>\n<\/div>\n\n\n\n<div class=\"wp-block-column is-layout-flow wp-block-column-is-layout-flow\">\n<div class=\"wp-block-sev-encart\"><a href=\"https:\/\/leboisdelagachere.com\/de\/durch-die-staedte-streifen\/\"><img decoding=\"async\" src=\"https:\/\/leboisdelagachere.com\/wp-content\/uploads\/2023\/11\/Saint-Gilles-Croix-de-Vie-DSC_1590.jpg\" alt=\"\"\/><div class=\"wp-block-sev-encart-content\"><div class=\"wp-block-sev-encart-label\">Durch die St\u00e4dte streifen<\/div><\/div><div class=\"wp-block-sev-encart-btn\">Entdecken Sie<\/div><\/a><\/div>\n<\/div>\n\n\n\n<div class=\"wp-block-column is-layout-flow wp-block-column-is-layout-flow\">\n<div class=\"wp-block-sev-encart\"><a href=\"https:\/\/leboisdelagachere.com\/de\/sich-unterhalten\/\"><img decoding=\"async\" src=\"https:\/\/leboisdelagachere.com\/wp-content\/uploads\/2023\/11\/Le-village-Xiiieme-puy-du-fou-7.jpg\" alt=\"\"\/><div class=\"wp-block-sev-encart-content\"><div class=\"wp-block-sev-encart-label\">Sich unterhalten<\/div><\/div><div class=\"wp-block-sev-encart-btn\">Entdecken Sie<\/div><\/a><\/div>\n<\/div>\n<\/div>\n<\/div>\n\n\n\n<div class=\"wp-block-group alignfull has-background is-layout-constrained wp-block-group-is-layout-constrained\" id=\"carnet-de-vacances\" style=\"background-color:#026678;padding-top:var(--wp--preset--spacing--80);padding-bottom:0\">\n<h2 class=\"wp-block-heading alignwide has-white-color has-text-color has-link-color has-title-font-font-family has-grand-font-size wp-elements-aafb67ab773127e2f55c999e8e724075\" style=\"padding-top:0;padding-bottom:var(--wp--preset--spacing--50);text-transform:none\">Erlebnisse, die speziell f\u00fcr Ihren Urlaub konzipiert wurden<\/h2>\n\n\n<div class=\"wp-block-sev-diaporama alignfull\">\n\t\t<div id=\"sevdiaporama_3520386330\" class=\"carousel slide sev-diaporama-bootstrap sev-diaporama-pages\" data-ride=\"carousel\">\n\n\n\n\t\t\t<div class=\"carousel-inner\">\n\n\t\t\t\t\n\t\t\t\t\n\t\t\t\t\t\n\t\t\t\t\t<div class=\"carousel-item active\">\n\n\t\t\t\t\t\t\n\n\t\t\t\t\t\t\n\t\t\t\t\t\t\t<a href=\"https:\/\/leboisdelagachere.com\/de\/urlaubsbuch\/ein-bemerkenswerter-tag-im-veillon\/\">\n\n\t\t\t\t\t\t\n\n\n\t\t\t\t\t\t\t<img decoding=\"async\" class=\"d-block w-100\" src=\"https:\/\/leboisdelagachere.com\/wp-content\/uploads\/2023\/11\/exp-veillon.jpg\" alt=\"exp\u00e9rience vacances au veillon\" desc=\"\" loading=\"lazy\">\n\n\n\n\t\t\t\t\t\t\t\n\t\t\t\t\t\t\t<div class=\"carousel-caption\">\n\n\t\t\t\t\t\t\t\t<div class=\"carousel-caption-title\">Ein bemerkenswerter Tag im Veillon<\/div>\n\n\t\t\t\t\t\t\t\t<p class=\"carousel-caption-subtitle\">\n\n\t\t\t\t\t\t\t\t\t<i class=\"fas fa-chevron-right\"><\/i>\n\n\t\t\t\t\t\t\t\t\tUrlaubserlebnis im Herzen der Veillon-St\u00e4tte\n\t\t\t\t\t\t\t\t<\/p>\n\n\t\t\t\t\t\t\t<\/div>\n\n\t\t\t\t\t\t\t\n\n\n\t\t\t\t\t\t\n\t\t\t\t\t\t<\/a>\n\n\t\t\t\t\t\t\n\t\t\t\t\t<\/div>\n\n\t\t\t\t\t\n\t\t\t\t\n\t\t\t\t\t\n\t\t\t\t\t<div class=\"carousel-item\">\n\n\t\t\t\t\t\t\n\n\t\t\t\t\t\t\n\t\t\t\t\t\t\t<a href=\"https:\/\/leboisdelagachere.com\/de\/urlaubsbuch\/besuchen-sie-das-marais-poitevin\/\">\n\n\t\t\t\t\t\t\n\n\n\t\t\t\t\t\t\t<img decoding=\"async\" class=\"d-block w-100\" src=\"https:\/\/leboisdelagachere.com\/wp-content\/uploads\/2023\/11\/marai-poitevin-3.jpg\" alt=\"embarcad\u00e8re marais poitevin\" desc=\"\" loading=\"lazy\">\n\n\n\n\t\t\t\t\t\t\t\n\t\t\t\t\t\t\t<div class=\"carousel-caption\">\n\n\t\t\t\t\t\t\t\t<div class=\"carousel-caption-title\">Besuchen Sie das Marais Poitevin <\/div>\n\n\t\t\t\t\t\t\t\t<p class=\"carousel-caption-subtitle\">\n\n\t\t\t\t\t\t\t\t\t<i class=\"fas fa-chevron-right\"><\/i>\n\n\t\t\t\t\t\t\t\t\tEin Tag in einer gesch\u00fctzten nat\u00fcrlichen Umgebung\n\t\t\t\t\t\t\t\t<\/p>\n\n\t\t\t\t\t\t\t<\/div>\n\n\t\t\t\t\t\t\t\n\n\n\t\t\t\t\t\t\n\t\t\t\t\t\t<\/a>\n\n\t\t\t\t\t\t\n\t\t\t\t\t<\/div>\n\n\t\t\t\t\t\n\t\t\t\t\n\t\t\t\t\t\n\t\t\t\t\t<div class=\"carousel-item\">\n\n\t\t\t\t\t\t\n\n\t\t\t\t\t\t\n\t\t\t\t\t\t\t<a href=\"https:\/\/leboisdelagachere.com\/de\/urlaubsbuch\/besuch-der-insel-yeu\/\">\n\n\t\t\t\t\t\t\n\n\n\t\t\t\t\t\t\t<img decoding=\"async\" class=\"d-block w-100\" src=\"https:\/\/leboisdelagachere.com\/wp-content\/uploads\/2023\/11\/IledYeu5.jpg\" alt=\"d\u00e9couverte de l&#039;ile d&#039;Yeu en Vend\u00e9e\" desc=\"\" loading=\"lazy\">\n\n\n\n\t\t\t\t\t\t\t\n\t\t\t\t\t\t\t<div class=\"carousel-caption\">\n\n\t\t\t\t\t\t\t\t<div class=\"carousel-caption-title\">Die Perle des Atlantiks<\/div>\n\n\t\t\t\t\t\t\t\t<p class=\"carousel-caption-subtitle\">\n\n\t\t\t\t\t\t\t\t\t<i class=\"fas fa-chevron-right\"><\/i>\n\n\t\t\t\t\t\t\t\t\tEntdecken Sie die \u00cele d&#039;Yeu\n\t\t\t\t\t\t\t\t<\/p>\n\n\t\t\t\t\t\t\t<\/div>\n\n\t\t\t\t\t\t\t\n\n\n\t\t\t\t\t\t\n\t\t\t\t\t\t<\/a>\n\n\t\t\t\t\t\t\n\t\t\t\t\t<\/div>\n\n\t\t\t\t\t\n\t\t\t\t\n\t\t\t\t\t\n\t\t\t\t\t<div class=\"carousel-item\">\n\n\t\t\t\t\t\t\n\n\t\t\t\t\t\t\n\t\t\t\t\t\t\t<a href=\"https:\/\/leboisdelagachere.com\/de\/urlaubsbuch\/weintouristische-rundreise\/\">\n\n\t\t\t\t\t\t\n\n\n\t\t\t\t\t\t\t<img decoding=\"async\" class=\"d-block w-100\" src=\"https:\/\/leboisdelagachere.com\/wp-content\/uploads\/2023\/11\/experience-oeno-brem.jpg\" alt=\"exp\u00e9rience vacances brem sur mer la cabane\" desc=\"\" loading=\"lazy\">\n\n\n\n\t\t\t\t\t\t\t\n\t\t\t\t\t\t\t<div class=\"carousel-caption\">\n\n\t\t\t\t\t\t\t\t<div class=\"carousel-caption-title\">Entdecken Sie die gr\u00f6\u00dften Fiefs Vend\u00e9ens<\/div>\n\n\t\t\t\t\t\t\t\t<p class=\"carousel-caption-subtitle\">\n\n\t\t\t\t\t\t\t\t\t<i class=\"fas fa-chevron-right\"><\/i>\n\n\t\t\t\t\t\t\t\t\t\u00d6notouristische Parenthese \n\t\t\t\t\t\t\t\t<\/p>\n\n\t\t\t\t\t\t\t<\/div>\n\n\t\t\t\t\t\t\t\n\n\n\t\t\t\t\t\t\n\t\t\t\t\t\t<\/a>\n\n\t\t\t\t\t\t\n\t\t\t\t\t<\/div>\n\n\t\t\t\t\t\n\t\t\t\t\n\t\t\t\t\t\n\t\t\t\t\t<div class=\"carousel-item\">\n\n\t\t\t\t\t\t\n\n\t\t\t\t\t\t\n\n\n\t\t\t\t\t\t\t<img decoding=\"async\" class=\"d-block w-100\" src=\"https:\/\/leboisdelagachere.com\/wp-content\/uploads\/2023\/11\/experience-marais-salant.jpg\" alt=\"exp\u00e9rience vacances marais salant\" desc=\"\" loading=\"lazy\">\n\n\n\n\t\t\t\t\t\t\t\n\t\t\t\t\t\t\t<div class=\"carousel-caption\">\n\n\t\t\t\t\t\t\t\t<div class=\"carousel-caption-title\">Rundgang um das wei\u00dfe Gold <\/div>\n\n\t\t\t\t\t\t\t\t<p class=\"carousel-caption-subtitle\">\n\n\t\t\t\t\t\t\t\t\t<i class=\"fas fa-chevron-right\"><\/i>\n\n\t\t\t\t\t\t\t\t\tDas wei\u00dfe Gold \/\/ Entdeckung der Salzg\u00e4rten\n\t\t\t\t\t\t\t\t<\/p>\n\n\t\t\t\t\t\t\t<\/div>\n\n\t\t\t\t\t\t\t\n\n\n\t\t\t\t\t\t\n\t\t\t\t\t<\/div>\n\n\t\t\t\t\t\n\t\t\t\t\n\t\t\t\t\t\n\t\t\t\t\t<div class=\"carousel-item\">\n\n\t\t\t\t\t\t\n\n\t\t\t\t\t\t\n\n\n\t\t\t\t\t\t\t<img decoding=\"async\" class=\"d-block w-100\" src=\"https:\/\/leboisdelagachere.com\/wp-content\/uploads\/2023\/11\/experience-surf.jpg\" alt=\"exp\u00e9rience vacances d\u00e9couverte du surf en Vend\u00e9e\" desc=\"\" loading=\"lazy\">\n\n\n\n\t\t\t\t\t\t\t\n\t\t\t\t\t\t\t<div class=\"carousel-caption\">\n\n\t\t\t\t\t\t\t\t<div class=\"carousel-caption-title\">Tag zum Faulenzen und Entdecken des Surfens<\/div>\n\n\t\t\t\t\t\t\t\t<p class=\"carousel-caption-subtitle\">\n\n\t\t\t\t\t\t\t\t\t<i class=\"fas fa-chevron-right\"><\/i>\n\n\t\t\t\t\t\t\t\t\tGenie\u00dfen Sie alle Vorz\u00fcge von Sandstr\u00e4nden\n\t\t\t\t\t\t\t\t<\/p>\n\n\t\t\t\t\t\t\t<\/div>\n\n\t\t\t\t\t\t\t\n\n\n\t\t\t\t\t\t\n\t\t\t\t\t<\/div>\n\n\t\t\t\t\t\n\t\t\t\t\n\t\t\t\t\t\n\t\t\t\t\t<div class=\"carousel-item\">\n\n\t\t\t\t\t\t\n\n\t\t\t\t\t\t\n\n\n\t\t\t\t\t\t\t<img decoding=\"async\" class=\"d-block w-100\" src=\"https:\/\/leboisdelagachere.com\/wp-content\/uploads\/2023\/11\/experience-pluvieuse.jpg\" alt=\"exp\u00e9rience vacances pluvieuse aux sables d&#039;olonne\" desc=\"\" loading=\"lazy\">\n\n\n\n\t\t\t\t\t\t\t\n\t\t\t\t\t\t\t<div class=\"carousel-caption\">\n\n\t\t\t\t\t\t\t\t<div class=\"carousel-caption-title\">Verregneter halber Tag, gl\u00fccklicher halber Tag? <\/div>\n\n\t\t\t\t\t\t\t\t<p class=\"carousel-caption-subtitle\">\n\n\t\t\t\t\t\t\t\t\t<i class=\"fas fa-chevron-right\"><\/i>\n\n\t\t\t\t\t\t\t\t\tEin verlockendes Programm auch an Regentagen\n\t\t\t\t\t\t\t\t<\/p>\n\n\t\t\t\t\t\t\t<\/div>\n\n\t\t\t\t\t\t\t\n\n\n\t\t\t\t\t\t\n\t\t\t\t\t<\/div>\n\n\t\t\t\t\t\n\t\t\t\t\n\t\t\t\t\t\n\t\t\t\t\t<div class=\"carousel-item\">\n\n\t\t\t\t\t\t\n\n\t\t\t\t\t\t\n\n\n\t\t\t\t\t\t\t<img decoding=\"async\" class=\"d-block w-100\" src=\"https:\/\/leboisdelagachere.com\/wp-content\/uploads\/2023\/11\/experience-velo.jpg\" alt=\"exp\u00e9rience vacances balade \u00e0 velo\" desc=\"\" loading=\"lazy\">\n\n\n\n\t\t\t\t\t\t\t\n\t\t\t\t\t\t\t<div class=\"carousel-caption\">\n\n\t\t\t\t\t\t\t\t<div class=\"carousel-caption-title\">Halber Tag Mountainbike <\/div>\n\n\t\t\t\t\t\t\t\t<p class=\"carousel-caption-subtitle\">\n\n\t\t\t\t\t\t\t\t\t<i class=\"fas fa-chevron-right\"><\/i>\n\n\t\t\t\t\t\t\t\t\tF\u00fcr alle zug\u00e4nglicher Rundgang und Picknick unter den Kiefern\n\t\t\t\t\t\t\t\t<\/p>\n\n\t\t\t\t\t\t\t<\/div>\n\n\t\t\t\t\t\t\t\n\n\n\t\t\t\t\t\t\n\t\t\t\t\t<\/div>\n\n\t\t\t\t\t\n\t\t\t\t\n\t\t\t<\/div>\n\n\n\n\t\t\t\n\t\t\t\t\n\t\t\t\t<a class=\"carousel-control-prev\" href=\"#sevdiaporama_3520386330\" role=\"button\" data-slide=\"prev\">\n\n\t\t\t\t\t<span class=\"carousel-control-prev-icon\" aria-hidden=\"true\"><\/span>\n\n\t\t\t\t\t<span class=\"sr-only\">Pr\u00e9c\u00e9dent<\/span>\n\n\t\t\t\t<\/a>\n\n\t\t\t\t<a class=\"carousel-control-next\" href=\"#sevdiaporama_3520386330\" role=\"button\" data-slide=\"next\">\n\n\t\t\t\t\t<span class=\"carousel-control-next-icon\" aria-hidden=\"true\"><\/span>\n\n\t\t\t\t\t<span class=\"sr-only\">Suivant<\/span>\n\n\t\t\t\t<\/a>\n\n\t\t\t\t\n\n\n\t\t\t\t\n\t\t\t\t<ol class=\"carousel-indicators\">\n\n\t\t\t\t\t\n\t\t\t\t\t\n\t\t\t\t\t\t\n\t\t\t\t\t\t<li data-target=\"#sevdiaporama_3520386330\" data-slide-to=\"0\" class=\"active\"><\/li>\n\n\t\t\t\t\t\t\n\t\t\t\t\t\n\t\t\t\t\t\t\n\t\t\t\t\t\t<li data-target=\"#sevdiaporama_3520386330\" data-slide-to=\"1\"><\/li>\n\n\t\t\t\t\t\t\n\t\t\t\t\t\n\t\t\t\t\t\t\n\t\t\t\t\t\t<li data-target=\"#sevdiaporama_3520386330\" data-slide-to=\"2\"><\/li>\n\n\t\t\t\t\t\t\n\t\t\t\t\t\n\t\t\t\t\t\t\n\t\t\t\t\t\t<li data-target=\"#sevdiaporama_3520386330\" data-slide-to=\"3\"><\/li>\n\n\t\t\t\t\t\t\n\t\t\t\t\t\n\t\t\t\t\t\t\n\t\t\t\t\t\t<li data-target=\"#sevdiaporama_3520386330\" data-slide-to=\"4\"><\/li>\n\n\t\t\t\t\t\t\n\t\t\t\t\t\n\t\t\t\t\t\t\n\t\t\t\t\t\t<li data-target=\"#sevdiaporama_3520386330\" data-slide-to=\"5\"><\/li>\n\n\t\t\t\t\t\t\n\t\t\t\t\t\n\t\t\t\t\t\t\n\t\t\t\t\t\t<li data-target=\"#sevdiaporama_3520386330\" data-slide-to=\"6\"><\/li>\n\n\t\t\t\t\t\t\n\t\t\t\t\t\n\t\t\t\t\t\t\n\t\t\t\t\t\t<li data-target=\"#sevdiaporama_3520386330\" data-slide-to=\"7\"><\/li>\n\n\t\t\t\t\t\t\n\t\t\t\t\t\n\t\t\t\t<\/ol>\n\n\t\t\t\t\n\t\t\t\n\t\t<\/div>\n\n\t\t<\/div><\/div>\n\n\n\n<p><\/p>\n","protected":false},"excerpt":{"rendered":"<p>Willkommen auf dem Campingplatz Le Bois de La Gach\u00e8re **** Ein 4-Sterne-Campingplatz im Herzen des Waldes mit direktem Zugang zum Strand Entdecken Sie den 4-Sterne-Campingplatz Le Bois de la Gach\u00e8re in Les Sables d&#8217;Olonne. Inmitten einer gesch\u00fctzten Natur, in einem Wald aus Kiefern und Steineichen, k\u00f6nnen Sieprofitieren Sie von einem direkten Zugang zum Strand Les [&hellip;]<\/p>\n","protected":false},"author":1,"featured_media":0,"parent":0,"menu_order":0,"comment_status":"closed","ping_status":"closed","template":"","meta":{"_seopress_robots_primary_cat":"","_seopress_titles_title":"4* Campingplatz in Les Sables d&#039;Olonne - Le Bois de la Gach\u00e8re","_seopress_titles_desc":"4* Campingplatz Le Bois de La Gach\u00e8re in Les Sables d&#039;Olonne - Entdecken Sie unseren Campingplatz Maeva und verbringen Sie einen angenehmen Urlaub mit direktem Zugang zum Strand.","_seopress_robots_index":"","footnotes":""},"class_list":["post-9427","page","type-page","status-publish","hentry"],"_links":{"self":[{"href":"https:\/\/leboisdelagachere.com\/de\/wp-json\/wp\/v2\/pages\/9427","targetHints":{"allow":["GET"]}}],"collection":[{"href":"https:\/\/leboisdelagachere.com\/de\/wp-json\/wp\/v2\/pages"}],"about":[{"href":"https:\/\/leboisdelagachere.com\/de\/wp-json\/wp\/v2\/types\/page"}],"author":[{"embeddable":true,"href":"https:\/\/leboisdelagachere.com\/de\/wp-json\/wp\/v2\/users\/1"}],"replies":[{"embeddable":true,"href":"https:\/\/leboisdelagachere.com\/de\/wp-json\/wp\/v2\/comments?post=9427"}],"version-history":[{"count":2,"href":"https:\/\/leboisdelagachere.com\/de\/wp-json\/wp\/v2\/pages\/9427\/revisions"}],"predecessor-version":[{"id":9553,"href":"https:\/\/leboisdelagachere.com\/de\/wp-json\/wp\/v2\/pages\/9427\/revisions\/9553"}],"wp:attachment":[{"href":"https:\/\/leboisdelagachere.com\/de\/wp-json\/wp\/v2\/media?parent=9427"}],"curies":[{"name":"wp","href":"https:\/\/api.w.org\/{rel}","templated":true}]}}