{"id":9263,"date":"2023-11-21T11:26:12","date_gmt":"2023-11-21T10:26:12","guid":{"rendered":"https:\/\/dev.leboisdelagachere.com\/fiets-en-wandelroutes\/"},"modified":"2023-12-15T10:48:37","modified_gmt":"2023-12-15T09:48:37","slug":"fiets-en-wandelroutes","status":"publish","type":"page","link":"https:\/\/leboisdelagachere.com\/nl\/dompel-jezelf-onder-in-het-hart-van-de-natuur\/fiets-en-wandelroutes\/","title":{"rendered":"Fiets- en wandelroutes"},"content":{"rendered":"\n<h1 class=\"wp-block-heading\">Verken het bos<\/h1>\n\n<div class=\"wp-block-columns alignwide is-layout-flex wp-container-core-columns-is-layout-3c1f764f wp-block-columns-is-layout-flex\" style=\"margin-top:var(--wp--preset--spacing--50);margin-bottom:var(--wp--preset--spacing--50);padding-top:0;padding-bottom:0\">\n<div class=\"wp-block-column is-vertically-aligned-center is-layout-flow wp-block-column-is-layout-flow\" style=\"flex-basis:33.33%\">\n<p>Op de V\u00e9lodyss\u00e9e kun je door de hele Vend\u00e9e <strong>fietsen<\/strong>. Dit prachtige netwerk van fietspaden loopt door het hele departement. Bijna alle gemeenten worden bediend, van de kust tot het binnenland. Je kunt profiteren van deze geweldige kans om dijken, moerassen en bossen over te steken voor een korte of lange wandeling.<\/p>\n\n\n\n<p>Te voet of op de fiets, er zijn tal van mooie plekken om te verkennen tijdens je verblijf, en allemaal binnen handbereik van je camping thuis, Le Bois de La Gach\u00e8re.<\/p>\n\n\n\n<p>Op deze website vind je een aantal voorgestelde routes op verschillende niveaus en met verschillende looptijden: https: <a href=\"https:\/\/www.lessablesdolonne-tourisme.com\/Decouvrir\/Nature-Randos\/Circuits-randonnees-nature\/Sentiers-pedestres\" target=\"_blank\" rel=\"noreferrer noopener\">\/\/www.lessablesdolonne-tourisme.com\/Decouvrir\/Nature-Randos\/Circuits-randonnees-nature\/Sentiers-pedestres.<\/a><\/p>\n<\/div>\n\n\n\n<div class=\"wp-block-column is-layout-flow wp-block-column-is-layout-flow\" style=\"flex-basis:33.02%\">\n<div style=\"height:2vw\" aria-hidden=\"true\" class=\"wp-block-spacer\"><\/div>\n\n\n\n<figure class=\"wp-block-image size-full is-resized\"><img loading=\"lazy\" decoding=\"async\" width=\"1000\" height=\"667\" src=\"https:\/\/leboisdelagachere.com\/wp-content\/uploads\/2023\/11\/2023_Foret_Rando_LesGravelots_GR_LesSablesdOlonne_EnVendee_221.jpg\" alt=\"wandelpad nabij de camping in Les Sables d'Olonne\" class=\"wp-image-7821\" style=\"aspect-ratio:0.75;object-fit:cover;width:358px;height:auto\" srcset=\"https:\/\/leboisdelagachere.com\/wp-content\/uploads\/2023\/11\/2023_Foret_Rando_LesGravelots_GR_LesSablesdOlonne_EnVendee_221.jpg 1000w, https:\/\/leboisdelagachere.com\/wp-content\/uploads\/2023\/11\/2023_Foret_Rando_LesGravelots_GR_LesSablesdOlonne_EnVendee_221-300x200.jpg 300w, https:\/\/leboisdelagachere.com\/wp-content\/uploads\/2023\/11\/2023_Foret_Rando_LesGravelots_GR_LesSablesdOlonne_EnVendee_221-768x512.jpg 768w\" sizes=\"auto, (max-width: 1000px) 100vw, 1000px\" \/><\/figure><\/div>\n\n\n\n<div class=\"wp-block-column is-layout-flow wp-block-column-is-layout-flow\" style=\"flex-basis:33.65%\">\n<figure class=\"wp-block-image size-full\"><img loading=\"lazy\" decoding=\"async\" width=\"1000\" height=\"667\" src=\"https:\/\/leboisdelagachere.com\/wp-content\/uploads\/2023\/11\/2023_Rando_Velodyssee_Paracou_LesSablesdOlonne_EnVendee_139-1.jpg\" alt=\"fietspaden langs de kust in de Vend&#xE9;e\" class=\"wp-image-7823\" style=\"aspect-ratio:3\/4;object-fit:cover\" srcset=\"https:\/\/leboisdelagachere.com\/wp-content\/uploads\/2023\/11\/2023_Rando_Velodyssee_Paracou_LesSablesdOlonne_EnVendee_139-1.jpg 1000w, https:\/\/leboisdelagachere.com\/wp-content\/uploads\/2023\/11\/2023_Rando_Velodyssee_Paracou_LesSablesdOlonne_EnVendee_139-1-300x200.jpg 300w, https:\/\/leboisdelagachere.com\/wp-content\/uploads\/2023\/11\/2023_Rando_Velodyssee_Paracou_LesSablesdOlonne_EnVendee_139-1-768x512.jpg 768w\" sizes=\"auto, (max-width: 1000px) 100vw, 1000px\" \/><\/figure><\/div>\n<\/div>\n\n<figure class=\"wp-block-image aligncenter size-full is-resized\"><img decoding=\"async\" src=\"https:\/\/leboisdelagachere.com\/wp-content\/uploads\/2023\/11\/trait.png\" alt=\"\" class=\"wp-image-7499\" style=\"width:150px\"\/><\/figure>\n<div class=\"wp-block-columns is-layout-flex wp-container-core-columns-is-layout-28f84493 wp-block-columns-is-layout-flex\">\n<div class=\"wp-block-column is-layout-flow wp-block-column-is-layout-flow\">\n<div class=\"wp-block-group has-white-color has-text-color has-background has-link-color wp-elements-5eb9af75025ad468bc29ea725e38ad09 is-layout-constrained wp-container-core-group-is-layout-19ac9bc1 wp-block-group-is-layout-constrained\" style=\"background-color:#026678;min-height:200px;margin-top:0;margin-bottom:0;padding-top:var(--wp--preset--spacing--60);padding-right:var(--wp--preset--spacing--60);padding-bottom:var(--wp--preset--spacing--60);padding-left:var(--wp--preset--spacing--60)\">\n<h2 class=\"wp-block-heading\">Marais d&#8217;Olonne<\/h2>\n\n\n\n<p>Als we je een mooie plek kunnen aanraden, dan zijn het de <strong>moerassen van Olonne<\/strong>. Als je op zoek bent naar een andere omgeving, dan is dit de plek waar je moet zijn. Je kunt beginnen in de gemeente Olonne-sur-Mer, vlakbij Les <a href=\"https:\/\/leboisdelagachere.com\/nl\/wandelen-door-de-straten\/sables-dolonne\/\" data-type=\"page\" data-id=\"7890\">Sables d&#8217;Olonne<\/a>. Daar aangekomen ga je in de richting van de moerassen, waarbij je eerst de onverharde paden oversteekt en dan op het fietspad uitkomt, dat je te voet kunt volgen.  <\/p>\n\n\n\n<p>Lees meer over de route op <a href=\"https:\/\/www.visorando.com\/randonnee-le-marais-des-olonnes\/\" target=\"_blank\" rel=\"noreferrer noopener\">https:\/\/www.visorando.com\/randonnee-le-marais-des-olonnes\/.<\/a><\/p>\n<\/div>\n<\/div>\n\n\n\n<div class=\"wp-block-column is-layout-flow wp-block-column-is-layout-flow\">\n<div class=\"wp-block-group h-100 has-white-color has-text-color has-background has-link-color wp-elements-a89959a59020960c3d4b0b2748804a4f is-layout-constrained wp-container-core-group-is-layout-db32e940 wp-block-group-is-layout-constrained\" style=\"background-color:#026678;min-height:200px;padding-top:var(--wp--preset--spacing--60);padding-right:var(--wp--preset--spacing--60);padding-bottom:var(--wp--preset--spacing--60);padding-left:var(--wp--preset--spacing--60)\">\n<h2 class=\"wp-block-heading\">Les Puits d&#8217;Enfer aan Cayola Bay in Les Sables d&#8217;Olonne<\/h2>\n\n\n\n<p>Voor een andere verkwikkende wandeling ga je naar de <strong>Puits d&#8217;Enfer<\/strong>. Deze rotsachtige afgronden bieden een indrukwekkend gezicht als de golven aan land komen. Een luchtige, ontspannende wandeling op het geluid van de zee, dat is wat we je hier bieden. Kijk uit over de zee en het strand en volg het ritme van de golven.<\/p>\n\n\n\n<p>Om meer te weten te komen over de te volgen route, ontdek onze <a href=\"https:\/\/leboisdelagachere.com\/nl\/halve-dag-mountainbiken\/\" data-type=\"page\" data-id=\"8075\">verjongende ervaring<\/a>.<\/p>\n<\/div>\n<\/div>\n<\/div>\n\n<p><img decoding=\"async\" class=\"wp-image-7385\" style=\"width: 30px;\" src=\"https:\/\/leboisdelagachere.com\/wp-content\/uploads\/2023\/11\/guilmet-ok-couleur.png\" alt=\"camping aan de rand van het bos\"\/><em>Een goede raad:<\/em><br\/>Neem voor deze wandelingen gerust een picknicklunch mee in je rugzak en rust onderweg even uit met een broodje. Een pauze om te genieten van de rust en stilte van de natuur is niet te versmaden.<\/p>\n\n<figure class=\"wp-block-image aligncenter size-full is-resized\"><img decoding=\"async\" src=\"https:\/\/leboisdelagachere.com\/wp-content\/uploads\/2023\/11\/trait.png\" alt=\"\" class=\"wp-image-7499\" style=\"width:150px\"\/><\/figure><div class=\"wp-block-sev-diaporama alignfull\">\n\t\t\t<div id=\"sevgallery-409230594\" class=\"sev-diaporama sev-diaporama-portfolio\">\n\n\t\t\t<div class=\"row\">\n\n\n\n\t\t\t\n\n\n\t\t\t\t\n\n\n\t\t\t\t<div class=\"sev-diaporama-portfolio-item col-12 col-sm \">\n\n\n\n\t\t\t\t\t\n\t\t\t\t\t\t\t\t\t\t<a href=\"https:\/\/leboisdelagachere.com\/wp-content\/uploads\/2023\/11\/2023_Rando_Velodyssee_Paracou_LesSablesdOlonne_EnVendee_092.jpg\" data-lightbox=\"sevgallery-409230594\" style=\"background-image: url(https:\/\/leboisdelagachere.com\/wp-content\/uploads\/2023\/11\/2023_Rando_Velodyssee_Paracou_LesSablesdOlonne_EnVendee_092.jpg)\">\n\n\t\t\t\t\t\n\t\t\t\t\t\t<img decoding=\"async\" src=\"https:\/\/leboisdelagachere.com\/wp-content\/uploads\/2023\/11\/2023_Rando_Velodyssee_Paracou_LesSablesdOlonne_EnVendee_092.jpg\" alt=\"pistes cyclables au bord de l&#039;oc\u00e9an proche du camping aux sables d&#039;olonne\" loading=\"lazy\">\n\n\t\t\t\t\t\n\t\t\t\t\t<\/a>\n\n\t\t\t\t\t\n\t\t\t\t<\/div>\n\n\n\n\t\t\t\t\n\n\n\t\t\t\t\n\t\t\t\t\n\t\t\t\n\n\n\t\t\t\t\n\n\n\t\t\t\t<div class=\"sev-diaporama-portfolio-item col-12 col-sm  col-shrink\">\n\n\n\n\t\t\t\t\t\n\t\t\t\t\t\t\t\t\t\t<a href=\"https:\/\/leboisdelagachere.com\/wp-content\/uploads\/2023\/11\/piste-cyclable-velo-les-sables-dolonne-IMG_8155.jpg\" data-lightbox=\"sevgallery-409230594\" style=\"background-image: url(https:\/\/leboisdelagachere.com\/wp-content\/uploads\/2023\/11\/piste-cyclable-velo-les-sables-dolonne-IMG_8155.jpg)\">\n\n\t\t\t\t\t\n\t\t\t\t\t\t<img decoding=\"async\" src=\"https:\/\/leboisdelagachere.com\/wp-content\/uploads\/2023\/11\/piste-cyclable-velo-les-sables-dolonne-IMG_8155.jpg\" alt=\"pistes cyclables proche du camping aux sables d&#039;olonne\" loading=\"lazy\">\n\n\t\t\t\t\t\n\t\t\t\t\t<\/a>\n\n\t\t\t\t\t\n\t\t\t\t<\/div>\n\n\n\n\t\t\t\t\n\n\n\t\t\t\t\n\t\t\t\t\n\t\t\t\n\n\n\t\t\t\t\n\n\n\t\t\t\t<div class=\"sev-diaporama-portfolio-item col-12 col-sm  col-shrink\">\n\n\n\n\t\t\t\t\t\n\t\t\t\t\t\t\t\t\t\t<a href=\"https:\/\/leboisdelagachere.com\/wp-content\/uploads\/2023\/11\/piste-cyclable-velo-les-sables-dolonne-IMG_6820.jpg\" data-lightbox=\"sevgallery-409230594\" style=\"background-image: url(https:\/\/leboisdelagachere.com\/wp-content\/uploads\/2023\/11\/piste-cyclable-velo-les-sables-dolonne-IMG_6820.jpg)\">\n\n\t\t\t\t\t\n\t\t\t\t\t\t<img decoding=\"async\" src=\"https:\/\/leboisdelagachere.com\/wp-content\/uploads\/2023\/11\/piste-cyclable-velo-les-sables-dolonne-IMG_6820.jpg\" alt=\"pistes cyclables proche du camping aux sables d&#039;olonne\" loading=\"lazy\">\n\n\t\t\t\t\t\n\t\t\t\t\t<\/a>\n\n\t\t\t\t\t\n\t\t\t\t<\/div>\n\n\n\n\t\t\t\t\n\n\n\t\t\t\t\n\t\t\t\t\n\t\t\t\n\n\n\t\t\t\t\n\n\n\t\t\t\t<div class=\"sev-diaporama-portfolio-item col-12 col-sm  col-grow\">\n\n\n\n\t\t\t\t\t\n\t\t\t\t\t\t\t\t\t\t<a href=\"https:\/\/leboisdelagachere.com\/wp-content\/uploads\/2023\/11\/piste-cyclable-velo-les-sables-dolonne-IMG_6541.jpg\" data-lightbox=\"sevgallery-409230594\" style=\"background-image: url(https:\/\/leboisdelagachere.com\/wp-content\/uploads\/2023\/11\/piste-cyclable-velo-les-sables-dolonne-IMG_6541.jpg)\">\n\n\t\t\t\t\t\n\t\t\t\t\t\t<img decoding=\"async\" src=\"https:\/\/leboisdelagachere.com\/wp-content\/uploads\/2023\/11\/piste-cyclable-velo-les-sables-dolonne-IMG_6541.jpg\" alt=\"pistes cyclables proche du camping aux sables d&#039;olonne\" loading=\"lazy\">\n\n\t\t\t\t\t\n\t\t\t\t\t<\/a>\n\n\t\t\t\t\t\n\t\t\t\t<\/div>\n\n\n\n\t\t\t\t\n\t\t\t\t\t<div class=\"w-100\"><\/div>\n\n\t\t\t\t\t\n\t\t\t\t\n\n\n\t\t\t\t\n\t\t\t\t\n\t\t\t\n\n\n\t\t\t\t\n\n\n\t\t\t\t<div class=\"sev-diaporama-portfolio-item col-12 col-sm \">\n\n\n\n\t\t\t\t\t\n\t\t\t\t\t\t\t\t\t\t<a href=\"https:\/\/leboisdelagachere.com\/wp-content\/uploads\/2023\/11\/piste-cyclable-les-sables-IMG_7776.jpg\" data-lightbox=\"sevgallery-409230594\" style=\"background-image: url(https:\/\/leboisdelagachere.com\/wp-content\/uploads\/2023\/11\/piste-cyclable-les-sables-IMG_7776.jpg)\">\n\n\t\t\t\t\t\n\t\t\t\t\t\t<img decoding=\"async\" src=\"https:\/\/leboisdelagachere.com\/wp-content\/uploads\/2023\/11\/piste-cyclable-les-sables-IMG_7776.jpg\" alt=\"pistes cyclables proche du camping aux sables d&#039;olonne\" loading=\"lazy\">\n\n\t\t\t\t\t\n\t\t\t\t\t<\/a>\n\n\t\t\t\t\t\n\t\t\t\t<\/div>\n\n\n\n\t\t\t\t\n\n\n\t\t\t\t\n\t\t\t\t\n\t\t\t\n\n\n\t\t\t\t\n\n\n\t\t\t\t<div class=\"sev-diaporama-portfolio-item col-12 col-sm  col-grow\">\n\n\n\n\t\t\t\t\t\n\t\t\t\t\t\t\t\t\t\t<a href=\"https:\/\/leboisdelagachere.com\/wp-content\/uploads\/2023\/11\/piste-cyclable-velo-les-sables-dolonne-IMG_7211.jpg\" data-lightbox=\"sevgallery-409230594\" style=\"background-image: url(https:\/\/leboisdelagachere.com\/wp-content\/uploads\/2023\/11\/piste-cyclable-velo-les-sables-dolonne-IMG_7211.jpg)\">\n\n\t\t\t\t\t\n\t\t\t\t\t\t<img decoding=\"async\" src=\"https:\/\/leboisdelagachere.com\/wp-content\/uploads\/2023\/11\/piste-cyclable-velo-les-sables-dolonne-IMG_7211.jpg\" alt=\"pistes cyclables proche du camping aux sables d&#039;olonne\" loading=\"lazy\">\n\n\t\t\t\t\t\n\t\t\t\t\t<\/a>\n\n\t\t\t\t\t\n\t\t\t\t<\/div>\n\n\n\n\t\t\t\t\n\n\n\t\t\t\t\n\t\t\t\t\n\t\t\t\n\n\n\t\t\t\t\n\n\n\t\t\t\t<div class=\"sev-diaporama-portfolio-item col-12 col-sm  col-shrink\">\n\n\n\n\t\t\t\t\t\n\t\t\t\t\t\t\t\t\t\t<a href=\"https:\/\/leboisdelagachere.com\/wp-content\/uploads\/2023\/11\/piste-cyclable-velo-les-sables-dolonne-IMG_7167.jpg\" data-lightbox=\"sevgallery-409230594\" style=\"background-image: url(https:\/\/leboisdelagachere.com\/wp-content\/uploads\/2023\/11\/piste-cyclable-velo-les-sables-dolonne-IMG_7167.jpg)\">\n\n\t\t\t\t\t\n\t\t\t\t\t\t<img decoding=\"async\" src=\"https:\/\/leboisdelagachere.com\/wp-content\/uploads\/2023\/11\/piste-cyclable-velo-les-sables-dolonne-IMG_7167.jpg\" alt=\"pistes cyclables proche du camping aux sables d&#039;olonne\" loading=\"lazy\">\n\n\t\t\t\t\t\n\t\t\t\t\t<\/a>\n\n\t\t\t\t\t\n\t\t\t\t<\/div>\n\n\n\n\t\t\t\t\n\n\n\t\t\t\t\n\t\t\t\t\n\t\t\t\n\n\n\t\t\t\t\n\n\n\t\t\t\t<div class=\"sev-diaporama-portfolio-item col-12 col-sm  col-grow\">\n\n\n\n\t\t\t\t\t\n\t\t\t\t\t\t\t\t\t\t<a href=\"https:\/\/leboisdelagachere.com\/wp-content\/uploads\/2023\/11\/piste-cyclable-velo-les-sables-dolonne-IMG_1982.jpg\" data-lightbox=\"sevgallery-409230594\" style=\"background-image: url(https:\/\/leboisdelagachere.com\/wp-content\/uploads\/2023\/11\/piste-cyclable-velo-les-sables-dolonne-IMG_1982.jpg)\">\n\n\t\t\t\t\t\n\t\t\t\t\t\t<img decoding=\"async\" src=\"https:\/\/leboisdelagachere.com\/wp-content\/uploads\/2023\/11\/piste-cyclable-velo-les-sables-dolonne-IMG_1982.jpg\" alt=\"pistes cyclables au bord de la mer proche du camping aux sables d&#039;olonne\" loading=\"lazy\">\n\n\t\t\t\t\t\n\t\t\t\t\t<\/a>\n\n\t\t\t\t\t\n\t\t\t\t<\/div>\n\n\n\n\t\t\t\t\n\t\t\t\t\t<div class=\"w-100\"><\/div>\n\n\t\t\t\t\t\n\t\t\t\t\n\n\n\t\t\t\t\n\t\t\t\t\n\t\t\t\n\n\n\t\t\t\t\n\n\n\t\t\t\t<div class=\"sev-diaporama-portfolio-item col-12 col-sm  col-grow\">\n\n\n\n\t\t\t\t\t\n\t\t\t\t\t\t\t\t\t\t<a href=\"https:\/\/leboisdelagachere.com\/wp-content\/uploads\/2023\/11\/piste-cyclable-velo-les-sables-dolonne-IMG_1121.jpg\" data-lightbox=\"sevgallery-409230594\" style=\"background-image: url(https:\/\/leboisdelagachere.com\/wp-content\/uploads\/2023\/11\/piste-cyclable-velo-les-sables-dolonne-IMG_1121.jpg)\">\n\n\t\t\t\t\t\n\t\t\t\t\t\t<img decoding=\"async\" src=\"https:\/\/leboisdelagachere.com\/wp-content\/uploads\/2023\/11\/piste-cyclable-velo-les-sables-dolonne-IMG_1121.jpg\" alt=\"pistes cyclables proche du camping aux sables d&#039;olonne\" loading=\"lazy\">\n\n\t\t\t\t\t\n\t\t\t\t\t<\/a>\n\n\t\t\t\t\t\n\t\t\t\t<\/div>\n\n\n\n\t\t\t\t\n\n\n\t\t\t\t\n\t\t\t\t\n\t\t\t\n\n\n\t\t\t\t\n\n\n\t\t\t\t<div class=\"sev-diaporama-portfolio-item col-12 col-sm  col-shrink\">\n\n\n\n\t\t\t\t\t\n\t\t\t\t\t\t\t\t\t\t<a href=\"https:\/\/leboisdelagachere.com\/wp-content\/uploads\/2023\/11\/piste-cyclable-velo-les-sables-dolonne-IMG_0247.jpg\" data-lightbox=\"sevgallery-409230594\" style=\"background-image: url(https:\/\/leboisdelagachere.com\/wp-content\/uploads\/2023\/11\/piste-cyclable-velo-les-sables-dolonne-IMG_0247.jpg)\">\n\n\t\t\t\t\t\n\t\t\t\t\t\t<img decoding=\"async\" src=\"https:\/\/leboisdelagachere.com\/wp-content\/uploads\/2023\/11\/piste-cyclable-velo-les-sables-dolonne-IMG_0247.jpg\" alt=\"pistes cyclables proche du camping aux sables d&#039;olonne\" loading=\"lazy\">\n\n\t\t\t\t\t\n\t\t\t\t\t<\/a>\n\n\t\t\t\t\t\n\t\t\t\t<\/div>\n\n\n\n\t\t\t\t\n\n\n\t\t\t\t\n\t\t\t\t\n\t\t\t\n\n\n\t\t\t\t\n\n\n\t\t\t\t<div class=\"sev-diaporama-portfolio-item col-12 col-sm \">\n\n\n\n\t\t\t\t\t\n\t\t\t\t\t\t\t\t\t\t<a href=\"https:\/\/leboisdelagachere.com\/wp-content\/uploads\/2023\/11\/piste-cyclable-velo-les-sables-dolonne-IMG_0181.jpg\" data-lightbox=\"sevgallery-409230594\" style=\"background-image: url(https:\/\/leboisdelagachere.com\/wp-content\/uploads\/2023\/11\/piste-cyclable-velo-les-sables-dolonne-IMG_0181.jpg)\">\n\n\t\t\t\t\t\n\t\t\t\t\t\t<img decoding=\"async\" src=\"https:\/\/leboisdelagachere.com\/wp-content\/uploads\/2023\/11\/piste-cyclable-velo-les-sables-dolonne-IMG_0181.jpg\" alt=\"pistes cyclables proche du camping aux sables d&#039;olonne\" loading=\"lazy\">\n\n\t\t\t\t\t\n\t\t\t\t\t<\/a>\n\n\t\t\t\t\t\n\t\t\t\t<\/div>\n\n\n\n\t\t\t\t\n\n\n\t\t\t\t\n\t\t\t\t\n\t\t\t\n\n\n\t\t\t\t\n\n\n\t\t\t\t<div class=\"sev-diaporama-portfolio-item col-12 col-sm  col-shrink\">\n\n\n\n\t\t\t\t\t\n\t\t\t\t\t\t\t\t\t\t<a href=\"https:\/\/leboisdelagachere.com\/wp-content\/uploads\/2023\/11\/les-sables-cayola-IMG_2495.jpg\" data-lightbox=\"sevgallery-409230594\" style=\"background-image: url(https:\/\/leboisdelagachere.com\/wp-content\/uploads\/2023\/11\/les-sables-cayola-IMG_2495.jpg)\">\n\n\t\t\t\t\t\n\t\t\t\t\t\t<img decoding=\"async\" src=\"https:\/\/leboisdelagachere.com\/wp-content\/uploads\/2023\/11\/les-sables-cayola-IMG_2495.jpg\" alt=\"pistes cyclables proche du camping aux sables d&#039;olonne\" loading=\"lazy\">\n\n\t\t\t\t\t\n\t\t\t\t\t<\/a>\n\n\t\t\t\t\t\n\t\t\t\t<\/div>\n\n\n\n\t\t\t\t\n\t\t\t\t\t<div class=\"w-100\"><\/div>\n\n\t\t\t\t\t\n\t\t\t\t\n\n\n\t\t\t\t\n\t\t\t\t\n\t\t\t\n\t\t\t<\/div>\n\n\t\t\t<\/div>\n\n\n\n\t\t\t<script>\n\n\t\t\tjQuery(function($) {\n\n\n\n\t\t\t\tvar marginPortfolio = function() {\n\n\n\n\t\t\t\t\tvar $diapo          = $('#sevgallery-409230594');\n\n\t\t\t\t\tvar container_width = $diapo.parent().outerWidth();\n\n\t\t\t\t\tvar side            = ( $(window).innerWidth() - container_width ) \/ 2;\n\n\n\n\t\t\t\t\t$diapo.css( {\n\n\t\t\t\t\t\t'margin-left': '-' + side + 'px',\n\n\t\t\t\t\t\t'margin-right': '-' + side + 'px',\n\n\t\t\t\t\t} );\n\n\t\t\t\t};\n\n\n\n\t\t\t\t$( window ).resize( function() {\n\n\t\t\t\t\tmarginPortfolio();\n\n\t\t\t\t} );\n\n\t\t\t\tmarginPortfolio();\n\n\t\t\t});\n\n\t\t\t<\/script>\n\n\t\t\t<\/div>","protected":false},"excerpt":{"rendered":"<p>Verken het bos Op de V\u00e9lodyss\u00e9e kun je door de hele Vend\u00e9e fietsen. Dit prachtige netwerk van fietspaden loopt door het hele departement. Bijna alle gemeenten worden bediend, van de kust tot het binnenland. Je kunt profiteren van deze geweldige kans om dijken, moerassen en bossen over te steken voor een korte of lange wandeling. [&hellip;]<\/p>\n","protected":false},"author":3,"featured_media":0,"parent":9335,"menu_order":0,"comment_status":"closed","ping_status":"closed","template":"","meta":{"_seopress_robots_primary_cat":"","_seopress_titles_title":"Fietsen door het bos op de fietspaden","_seopress_titles_desc":"Aan fietspaden geen gebrek in de Vend\u00e9e. Ontdek het departement via routes die geschikt zijn voor iedereen.  ","_seopress_robots_index":"","footnotes":""},"class_list":["post-9263","page","type-page","status-publish","hentry"],"_links":{"self":[{"href":"https:\/\/leboisdelagachere.com\/nl\/wp-json\/wp\/v2\/pages\/9263","targetHints":{"allow":["GET"]}}],"collection":[{"href":"https:\/\/leboisdelagachere.com\/nl\/wp-json\/wp\/v2\/pages"}],"about":[{"href":"https:\/\/leboisdelagachere.com\/nl\/wp-json\/wp\/v2\/types\/page"}],"author":[{"embeddable":true,"href":"https:\/\/leboisdelagachere.com\/nl\/wp-json\/wp\/v2\/users\/3"}],"replies":[{"embeddable":true,"href":"https:\/\/leboisdelagachere.com\/nl\/wp-json\/wp\/v2\/comments?post=9263"}],"version-history":[{"count":1,"href":"https:\/\/leboisdelagachere.com\/nl\/wp-json\/wp\/v2\/pages\/9263\/revisions"}],"predecessor-version":[{"id":9281,"href":"https:\/\/leboisdelagachere.com\/nl\/wp-json\/wp\/v2\/pages\/9263\/revisions\/9281"}],"up":[{"embeddable":true,"href":"https:\/\/leboisdelagachere.com\/nl\/wp-json\/wp\/v2\/pages\/9335"}],"wp:attachment":[{"href":"https:\/\/leboisdelagachere.com\/nl\/wp-json\/wp\/v2\/media?parent=9263"}],"curies":[{"name":"wp","href":"https:\/\/api.w.org\/{rel}","templated":true}]}}