{"id":9436,"date":"2022-12-01T23:42:07","date_gmt":"2022-12-01T22:42:07","guid":{"rendered":"https:\/\/dev.leboisdelagachere.com\/accueil\/"},"modified":"2023-12-15T16:33:15","modified_gmt":"2023-12-15T15:33:15","slug":"accueil","status":"publish","type":"page","link":"https:\/\/leboisdelagachere.com\/nl\/","title":{"rendered":"Accueil"},"content":{"rendered":"\n<h1 class=\"wp-block-heading alignwide\" id=\"accueil\">Welkom op camping Le Bois de La Gach\u00e8re ****<\/h1>\n\n\n\n<h2 class=\"wp-block-heading alignwide has-text-color has-link-color wp-elements-0a353951385f51d48e0bce72a0a85518\" style=\"color:#026678\">4-sterrencamping in het hart van het bos met directe toegang tot het strand<\/h2>\n\n\n\n<div class=\"wp-block-columns alignwide are-vertically-aligned-center is-layout-flex wp-container-core-columns-is-layout-cf05694f wp-block-columns-is-layout-flex\">\n<div class=\"wp-block-column is-vertically-aligned-center is-layout-flow wp-block-column-is-layout-flow\" style=\"flex-basis:66.66%\">\n<p>Kom en ontdek de <strong>4-sterren camping Le Bois de la Gach\u00e8re<\/strong> <a href=\"https:\/\/leboisdelagachere.com\/nl\/wandelen-door-de-straten\/sables-dolonne\/\" data-type=\"page\" data-id=\"7890\">in Les Sables d&#8217;Olonne<\/a>.<\/p>\n\n\n\n<p>In het hart van het ongerepte platteland, in een bos van dennen en steeneiken, vind je<br><a href=\"https:\/\/leboisdelagachere.com\/nl\/de-stranden\/\" data-type=\"page\" data-id=\"7864\">directe toegang tot het strand van Les Granges<\/a>, een van de mooiste stranden van het land<br>d&#8217;Olonne (ongeveer 1 km langs een bospad).<\/p>\n\n\n\n<p>In een aangename omgeving die bevorderlijk is voor rust en ontspanning, camping Le Bois Gach\u00e8re<br>biedt <a href=\"https:\/\/leboisdelagachere.com\/nl\/locaties\/\" data-type=\"page\" data-id=\"7713\">staanplaatsen<\/a> voor tenten, bestelwagens, caravans en campers, evenals<br><a href=\"https:\/\/leboisdelagachere.com\/nl\/accommodatie\/\" data-type=\"page\" data-id=\"6946\">comfortabele stacaravans<\/a> voor natuurliefhebbers.<\/p>\n\n\n\n<p>Geniet van ons <a href=\"https:\/\/leboisdelagachere.com\/nl\/aquatisch-gebied\/\" data-type=\"page\" data-id=\"7660\">zwemparadijs<\/a> met verwarmd zwembad en peuterbad&#8230; voor een geweldige tijd!<br>momenten van ontspanning gegarandeerd.<br>Het overdekte zwembad is tijdens de hele openingsperiode van de camping in gebruik.<\/p>\n\n\n\n<p>Ontdek tijdens je verblijf <a href=\"https:\/\/leboisdelagachere.com\/nl\/wandelen-door-de-straten\/sables-dolonne\/\" data-type=\"page\" data-id=\"7890\">Les Sables d&#8217;Olonne<\/a> en de omgeving: de<br>wilde kustlijn, nationaal bos, <a href=\"https:\/\/leboisdelagachere.com\/nl\/vakantie-notitieboek\/kwelders\/\" data-type=\"page\" data-id=\"8056\">zoutpannen<\/a> en<a href=\"https:\/\/leboisdelagachere.com\/nl\/wandelen-door-de-straten\/\" data-type=\"page\" data-id=\"7943\"> charmante badplaatsen<\/a><br>van de kust van de Vend\u00e9e.<\/p>\n<\/div>\n\n\n\n<div class=\"wp-block-column is-vertically-aligned-center is-layout-flow wp-block-column-is-layout-flow\" style=\"padding-top:0;flex-basis:33.33%\">\n<div class=\"wp-block-columns is-layout-flex wp-container-core-columns-is-layout-159f51c6 wp-block-columns-is-layout-flex\" style=\"margin-top:0\">\n<div class=\"wp-block-column is-layout-flow wp-block-column-is-layout-flow\">\n<p class=\"has-playfair-display-font-family\">Locatie:<br>1 Route de la Gach\u00e8re<br>85340 &#8211; Les Sables d&#8217;Olonne<\/p>\n\n\n\n<p class=\"content-tel has-playfair-display-font-family\" style=\"font-size:110%\">+33 2 51 22 65 82<\/p>\n<\/div>\n\n\n\n<div class=\"wp-block-column is-layout-flow wp-block-column-is-layout-flow\">\n<figure class=\"wp-block-image aligncenter size-full\"><img loading=\"lazy\" decoding=\"async\" width=\"1033\" height=\"629\" src=\"https:\/\/leboisdelagachere.com\/wp-content\/uploads\/2023\/11\/logo-profil-1.png\" alt=\"Camping Le Bois de la Gach\u00e8re in Vend\u00e9e\" class=\"wp-image-7334\" srcset=\"https:\/\/leboisdelagachere.com\/wp-content\/uploads\/2023\/11\/logo-profil-1.png 1033w, https:\/\/leboisdelagachere.com\/wp-content\/uploads\/2023\/11\/logo-profil-1-300x183.png 300w, https:\/\/leboisdelagachere.com\/wp-content\/uploads\/2023\/11\/logo-profil-1-1024x624.png 1024w, https:\/\/leboisdelagachere.com\/wp-content\/uploads\/2023\/11\/logo-profil-1-768x468.png 768w\" sizes=\"auto, (max-width: 1033px) 100vw, 1033px\" \/><\/figure>\n<\/div>\n<\/div>\n\n\n\n<p style=\"margin-top:var(--wp--preset--spacing--60);margin-bottom:var(--wp--preset--spacing--60)\"><img loading=\"lazy\" decoding=\"async\" width=\"15\" height=\"13\" class=\"wp-image-7382\" style=\"width: 15px;\" src=\"https:\/\/leboisdelagachere.com\/wp-content\/uploads\/2023\/11\/guilmet-ok-couleur.png\" alt=\"camping aan de rand van het bos\" srcset=\"https:\/\/leboisdelagachere.com\/wp-content\/uploads\/2023\/11\/guilmet-ok-couleur.png 528w, https:\/\/leboisdelagachere.com\/wp-content\/uploads\/2023\/11\/guilmet-ok-couleur-300x263.png 300w\" sizes=\"auto, (max-width: 15px) 100vw, 15px\" \/><em><strong>Op camping La Gach\u00e8re hebben we alles wat je nodig hebt voor een geweldige vakantie met je partner, familie of vrienden!<\/strong><\/em><\/p>\n<\/div>\n<\/div>\n\n\n\n<section class=\"wp-block-group alignfull has-background is-layout-constrained wp-block-group-is-layout-constrained\" id=\"camping\" style=\"background-color:#026678\">\n<div class=\"wp-block-sev-overlay-banner alignfull is-style-image_left\" id=\"boisverdon\" style=\"padding-top:var(--wp--preset--spacing--80);padding-right:0;padding-bottom:var(--wp--preset--spacing--80);padding-left:var(--wp--preset--spacing--60)\"><div class=\"wp-block-sev-overlay-banner-image\" style=\"flex-basis:55%\"><img decoding=\"async\" src=\"https:\/\/leboisdelagachere.com\/wp-content\/uploads\/2023\/11\/accueil-services.jpg\" alt=\"\"\/><\/div><div class=\"wp-block-sev-overlay-banner-content\" style=\"flex-basis:calc( ( 100% - 55% ) + 10% )\">\n<h2 class=\"wp-block-heading has-text-align-left has-title-font-font-family has-grand-font-size\" style=\"letter-spacing:4px;text-transform:capitalize\">Ontdek onze camping<\/h2>\n\n\n\n<p class=\"has-text-color has-link-color has-title-font-font-family wp-elements-d9d0c71f3d11bd2857b46102f88acec1\" style=\"color:#026678;padding-top:var(--wp--preset--spacing--40);padding-right:0rem;padding-bottom:0rem;padding-left:0rem;font-size:1.5rem;font-style:normal;font-weight:400;letter-spacing:4px;text-transform:uppercase\">Diensten en activiteiten voor iedereen!<\/p>\n\n\n\n<div class=\"wp-block-sev-featured-text\" style=\"width:50%\"><div class=\"wp-block-sev-featured-text-content\"><a href=\"https:\/\/leboisdelagachere.com\/nl\/goede-redenen-om-naar-bois-de-la-gachere-te-komen\/\" data-type=\"page\" data-id=\"7461\">Goede redenen om naar Bois de la Gach\u00e8re te komen<\/a><\/div><\/div>\n\n\n\n<div class=\"wp-block-sev-featured-text\" style=\"width:50%\"><div class=\"wp-block-sev-featured-text-content\"><a href=\"https:\/\/leboisdelagachere.com\/nl\/de-diensten\/\" data-type=\"page\" data-id=\"7521\">Diensten &amp; snackbar<\/a><\/div><\/div>\n\n\n\n<div class=\"wp-block-sev-featured-text\" style=\"width:50%\"><div class=\"wp-block-sev-featured-text-content\"><a href=\"https:\/\/leboisdelagachere.com\/nl\/activiteiten-en-entertainment\/\" data-type=\"page\" data-id=\"7612\">Amusement<\/a><\/div><\/div>\n\n\n\n<div class=\"wp-block-sev-featured-text\" style=\"width:50%\"><div class=\"wp-block-sev-featured-text-content\"><a href=\"https:\/\/leboisdelagachere.com\/nl\/aquatisch-gebied\/\" data-type=\"page\" data-id=\"7660\">Aquatisch gebied<\/a><\/div><\/div>\n\n\n\n<div class=\"wp-block-sev-featured-text\" style=\"width:50%\"><div class=\"wp-block-sev-featured-text-content\"><a href=\"https:\/\/leboisdelagachere.com\/nl\/foto-en-videogalerij\/\" data-type=\"page\" data-id=\"7681\">Foto- en videogalerij<\/a><\/div><\/div>\n<\/div><\/div>\n<\/section>\n\n\n\n<div class=\"wp-block-cover alignfull is-light has-parallax has-custom-content-position is-position-bottom-left\" style=\"margin-top:0;min-height:40vh;aspect-ratio:unset;\" id=\"hebergements\"><span aria-hidden=\"true\" class=\"wp-block-cover__background has-background-dim wp-block-cover__gradient-background has-background-gradient\" style=\"background:linear-gradient(135deg,rgb(1,1,1) 0%,rgba(255,255,255,0) 100%)\"><\/span><div role=\"img\" class=\"wp-block-cover__image-background wp-image-7352 has-parallax\" style=\"background-position:50% 50%;background-image:url(https:\/\/leboisdelagachere.com\/wp-content\/uploads\/2023\/11\/locatio-nmobil-home.jpg)\"><\/div><div class=\"wp-block-cover__inner-container is-layout-flow wp-block-cover-is-layout-flow\">\n<h2 class=\"wp-block-heading has-gris-tres-fonce-color has-white-background-color has-text-color has-background has-grand-font-size\" style=\"text-transform:none\">Accommodatie<\/h2>\n<\/div><\/div>\n\n\n\n<div class=\"wp-block-group alignwide is-layout-flow wp-block-group-is-layout-flow\">\n<p class=\"has-text-color has-link-color has-title-font-font-family wp-elements-74a39a25eba9df847875d3741b38545c\" style=\"color:#026678;padding-top:1.5rem;padding-right:0rem;padding-bottom:0rem;padding-left:2rem;font-size:1.5rem;letter-spacing:4px;text-transform:uppercase\">Ontdek onze huuraccommodaties, ideaal voor een gezinsvakantie in de Vend\u00e9e<\/p>\n<\/div>\n\n\n\n<div class=\"wp-block-columns alignfull is-layout-flex wp-container-core-columns-is-layout-059203fb wp-block-columns-is-layout-flex\" style=\"padding-top:var(--wp--preset--spacing--60);padding-right:var(--wp--preset--spacing--60);padding-bottom:var(--wp--preset--spacing--60);padding-left:var(--wp--preset--spacing--60)\">\n<div class=\"wp-block-column is-layout-flow wp-block-column-is-layout-flow\">\n<div class=\"wp-block-sev-encart\"><a href=\"https:\/\/leboisdelagachere.com\/nl\/accommodatie\/#premium\"><img decoding=\"async\" src=\"https:\/\/leboisdelagachere.com\/wp-content\/uploads\/2023\/12\/884-3-CJ_SALON-EXT_OHARA_2024.jpg-800px.jpg\" alt=\"\"\/><div class=\"wp-block-sev-encart-content\"><div class=\"wp-block-sev-encart-label\">Stacaravans C\u00f4t\u00e9 For\u00eat<\/div><\/div><div class=\"wp-block-sev-encart-btn\">Ontdek<\/div><\/a><\/div>\n<\/div>\n\n\n\n<div class=\"wp-block-column is-layout-flow wp-block-column-is-layout-flow\">\n<div class=\"wp-block-sev-encart\"><a href=\"https:\/\/leboisdelagachere.com\/nl\/accommodatie\/#classique\"><img decoding=\"async\" src=\"https:\/\/leboisdelagachere.com\/wp-content\/uploads\/2023\/12\/884-3CH_SDE_OHARA_2024-1-.jpg-800px.jpg\" alt=\"\"\/><div class=\"wp-block-sev-encart-content\"><div class=\"wp-block-sev-encart-label\">Klassieke stacaravans<\/div><\/div><div class=\"wp-block-sev-encart-btn\">Ontdek<\/div><\/a><\/div>\n<\/div>\n\n\n\n<div class=\"wp-block-column is-layout-flow wp-block-column-is-layout-flow\">\n<div class=\"wp-block-sev-encart\"><a href=\"https:\/\/leboisdelagachere.com\/nl\/accommodatie\/#cottages\"><img decoding=\"async\" src=\"https:\/\/leboisdelagachere.com\/wp-content\/uploads\/2023\/12\/Screenshot_20231204_125022_Drive.jpg\" alt=\"\"\/><div class=\"wp-block-sev-encart-content\"><div class=\"wp-block-sev-encart-label\">Huisjes<\/div><\/div><div class=\"wp-block-sev-encart-btn\">Ontdek<\/div><\/a><\/div>\n<\/div>\n<\/div>\n\n\n\n<div id=\"emplacements\" class=\"wp-block-group is-layout-constrained wp-block-group-is-layout-constrained\">\n<div class=\"wp-block-sev-encart encart-nos-emplacements\"><a href=\"https:\/\/leboisdelagachere.com\/nl\/locaties\/\"><img decoding=\"async\" src=\"https:\/\/leboisdelagachere.com\/wp-content\/uploads\/2023\/11\/La_Gachere_28062023_005_0-1.jpg\" alt=\"\"\/><div class=\"wp-block-sev-encart-content\"><div class=\"wp-block-sev-encart-label\">Onze locaties<\/div><\/div><div class=\"wp-block-sev-encart-btn\">Ontdek<\/div><\/a><\/div>\n<\/div>\n\n\n\n<div class=\"wp-block-buttons is-content-justification-center is-layout-flex wp-container-core-buttons-is-layout-dd320d38 wp-block-buttons-is-layout-flex\" style=\"margin-bottom:var(--wp--preset--spacing--40)\">\n<div class=\"wp-block-button has-custom-font-size has-petit-font-size\" style=\"letter-spacing:2px;text-transform:uppercase\"><a class=\"wp-block-button__link has-white-color has-text-color has-background wp-element-button\" href=\"https:\/\/leboisdelagachere.com\/nl\/accommodatie\/\" style=\"border-radius:0px;background-color:#026678;padding-top:var(--wp--preset--spacing--40);padding-right:var(--wp--preset--spacing--50);padding-bottom:var(--wp--preset--spacing--40);padding-left:var(--wp--preset--spacing--50)\">Bekijk alle accommodaties<\/a><\/div>\n<\/div>\n\n\n\n<div class=\"wp-block-group alignfull is-layout-constrained wp-block-group-is-layout-constrained\" id=\"les-sables-d'olonne\">\n<div class=\"wp-block-cover alignfull has-parallax has-custom-content-position is-position-bottom-left\" style=\"margin-top:var(--wp--preset--spacing--80);min-height:40vh;aspect-ratio:unset;\" id=\"lessables\"><span aria-hidden=\"true\" class=\"wp-block-cover__background has-background-dim wp-block-cover__gradient-background has-background-gradient\" style=\"background:linear-gradient(135deg,rgb(0,0,0) 0%,rgba(255,255,255,0) 100%)\"><\/span><div role=\"img\" class=\"wp-block-cover__image-background wp-image-8313 has-parallax\" style=\"background-position:50% 50%;background-image:url(https:\/\/leboisdelagachere.com\/wp-content\/uploads\/2023\/11\/PlageLesGranges1-2.jpg)\"><\/div><div class=\"wp-block-cover__inner-container is-layout-flow wp-block-cover-is-layout-flow\">\n<h2 class=\"wp-block-heading has-gris-tres-fonce-color has-white-background-color has-text-color has-background has-grand-font-size\" style=\"text-transform:none\">Sables d&#8217;Olonne<\/h2>\n<\/div><\/div>\n\n\n\n<div class=\"wp-block-group alignwide is-layout-flow wp-block-group-is-layout-flow\" style=\"margin-top:0\">\n<p class=\"has-text-color has-link-color has-title-font-font-family wp-elements-3f1fb7309ff06b9810e77460432b5274\" style=\"color:#026678;margin-top:var(--wp--preset--spacing--50);margin-left:2rem;font-size:1.5rem;letter-spacing:4px;text-transform:uppercase\">Ontdek dit departement met zijn rijke landschappen  <\/p>\n<\/div>\n\n\n\n<div class=\"wp-block-columns alignfull is-layout-flex wp-container-core-columns-is-layout-059203fb wp-block-columns-is-layout-flex\" style=\"padding-top:var(--wp--preset--spacing--60);padding-right:var(--wp--preset--spacing--60);padding-bottom:var(--wp--preset--spacing--60);padding-left:var(--wp--preset--spacing--60)\">\n<div class=\"wp-block-column is-layout-flow wp-block-column-is-layout-flow\">\n<div class=\"wp-block-sev-encart\"><a href=\"https:\/\/leboisdelagachere.com\/nl\/dompel-jezelf-onder-in-het-hart-van-de-natuur\/\"><img decoding=\"async\" src=\"https:\/\/leboisdelagachere.com\/wp-content\/uploads\/2023\/11\/La_Gachere_28062023_083_0.jpg\" alt=\"\"\/><div class=\"wp-block-sev-encart-content\"><div class=\"wp-block-sev-encart-label\">Dompel jezelf onder in het hart van de natuur<\/div><\/div><div class=\"wp-block-sev-encart-btn\">Ontdek<\/div><\/a><\/div>\n<\/div>\n\n\n\n<div class=\"wp-block-column is-layout-flow wp-block-column-is-layout-flow\">\n<div class=\"wp-block-sev-encart\"><a href=\"https:\/\/leboisdelagachere.com\/nl\/wandelen-door-de-straten\/\"><img decoding=\"async\" src=\"https:\/\/leboisdelagachere.com\/wp-content\/uploads\/2023\/11\/Saint-Gilles-Croix-de-Vie-DSC_1590.jpg\" alt=\"\"\/><div class=\"wp-block-sev-encart-content\"><div class=\"wp-block-sev-encart-label\">Wandelen door de straten<\/div><\/div><div class=\"wp-block-sev-encart-btn\">Ontdek<\/div><\/a><\/div>\n<\/div>\n\n\n\n<div class=\"wp-block-column is-layout-flow wp-block-column-is-layout-flow\">\n<div class=\"wp-block-sev-encart\"><a href=\"https:\/\/leboisdelagachere.com\/nl\/amusement\/\"><img decoding=\"async\" src=\"https:\/\/leboisdelagachere.com\/wp-content\/uploads\/2023\/11\/Le-village-Xiiieme-puy-du-fou-7.jpg\" alt=\"\"\/><div class=\"wp-block-sev-encart-content\"><div class=\"wp-block-sev-encart-label\">Amusement<\/div><\/div><div class=\"wp-block-sev-encart-btn\">Ontdek<\/div><\/a><\/div>\n<\/div>\n<\/div>\n<\/div>\n\n\n\n<div class=\"wp-block-group alignfull has-background is-layout-constrained wp-block-group-is-layout-constrained\" id=\"carnet-de-vacances\" style=\"background-color:#026678;padding-top:var(--wp--preset--spacing--80);padding-bottom:0\">\n<h2 class=\"wp-block-heading alignwide has-white-color has-text-color has-link-color has-title-font-font-family has-grand-font-size wp-elements-6a763632f90392c832ad7043ef16591d\" style=\"padding-top:0;padding-bottom:var(--wp--preset--spacing--50);text-transform:none\">Ervaringen speciaal ontworpen voor jouw vakantie<\/h2>\n\n\n<div class=\"wp-block-sev-diaporama alignfull\">\n\t\t<div id=\"sevdiaporama_1873606470\" class=\"carousel slide sev-diaporama-bootstrap sev-diaporama-pages\" data-ride=\"carousel\">\n\n\n\n\t\t\t<div class=\"carousel-inner\">\n\n\t\t\t\t\n\t\t\t\t\n\t\t\t\t\t\n\t\t\t\t\t<div class=\"carousel-item active\">\n\n\t\t\t\t\t\t\n\n\t\t\t\t\t\t\n\t\t\t\t\t\t\t<a href=\"https:\/\/leboisdelagachere.com\/nl\/vakantie-notitieboek\/een-opmerkelijke-dag-in-le-veillon\/\">\n\n\t\t\t\t\t\t\n\n\n\t\t\t\t\t\t\t<img decoding=\"async\" class=\"d-block w-100\" src=\"https:\/\/leboisdelagachere.com\/wp-content\/uploads\/2023\/11\/exp-veillon.jpg\" alt=\"exp\u00e9rience vacances au veillon\" desc=\"\" loading=\"lazy\">\n\n\n\n\t\t\t\t\t\t\t\n\t\t\t\t\t\t\t<div class=\"carousel-caption\">\n\n\t\t\t\t\t\t\t\t<div class=\"carousel-caption-title\">Een opmerkelijke dag in Le Veillon<\/div>\n\n\t\t\t\t\t\t\t\t<p class=\"carousel-caption-subtitle\">\n\n\t\t\t\t\t\t\t\t\t<i class=\"fas fa-chevron-right\"><\/i>\n\n\t\t\t\t\t\t\t\t\tVakantiebeleving in het hart van Veillon\n\t\t\t\t\t\t\t\t<\/p>\n\n\t\t\t\t\t\t\t<\/div>\n\n\t\t\t\t\t\t\t\n\n\n\t\t\t\t\t\t\n\t\t\t\t\t\t<\/a>\n\n\t\t\t\t\t\t\n\t\t\t\t\t<\/div>\n\n\t\t\t\t\t\n\t\t\t\t\n\t\t\t\t\t\n\t\t\t\t\t<div class=\"carousel-item\">\n\n\t\t\t\t\t\t\n\n\t\t\t\t\t\t\n\t\t\t\t\t\t\t<a href=\"https:\/\/leboisdelagachere.com\/nl\/vakantie-notitieboek\/bezoek-de-marais-poitevin\/\">\n\n\t\t\t\t\t\t\n\n\n\t\t\t\t\t\t\t<img decoding=\"async\" class=\"d-block w-100\" src=\"https:\/\/leboisdelagachere.com\/wp-content\/uploads\/2023\/11\/marai-poitevin-3.jpg\" alt=\"embarcad\u00e8re marais poitevin\" desc=\"\" loading=\"lazy\">\n\n\n\n\t\t\t\t\t\t\t\n\t\t\t\t\t\t\t<div class=\"carousel-caption\">\n\n\t\t\t\t\t\t\t\t<div class=\"carousel-caption-title\">Bezoek de Marais Poitevin <\/div>\n\n\t\t\t\t\t\t\t\t<p class=\"carousel-caption-subtitle\">\n\n\t\t\t\t\t\t\t\t\t<i class=\"fas fa-chevron-right\"><\/i>\n\n\t\t\t\t\t\t\t\t\tEen dag in een ongerepte natuurlijke omgeving\n\t\t\t\t\t\t\t\t<\/p>\n\n\t\t\t\t\t\t\t<\/div>\n\n\t\t\t\t\t\t\t\n\n\n\t\t\t\t\t\t\n\t\t\t\t\t\t<\/a>\n\n\t\t\t\t\t\t\n\t\t\t\t\t<\/div>\n\n\t\t\t\t\t\n\t\t\t\t\n\t\t\t\t\t\n\t\t\t\t\t<div class=\"carousel-item\">\n\n\t\t\t\t\t\t\n\n\t\t\t\t\t\t\n\t\t\t\t\t\t\t<a href=\"https:\/\/leboisdelagachere.com\/nl\/vakantie-notitieboek\/bezoek-aan-het-eiland-yeu\/\">\n\n\t\t\t\t\t\t\n\n\n\t\t\t\t\t\t\t<img decoding=\"async\" class=\"d-block w-100\" src=\"https:\/\/leboisdelagachere.com\/wp-content\/uploads\/2023\/11\/IledYeu5.jpg\" alt=\"d\u00e9couverte de l&#039;ile d&#039;Yeu en Vend\u00e9e\" desc=\"\" loading=\"lazy\">\n\n\n\n\t\t\t\t\t\t\t\n\t\t\t\t\t\t\t<div class=\"carousel-caption\">\n\n\t\t\t\t\t\t\t\t<div class=\"carousel-caption-title\">De parel van de Atlantische Oceaan<\/div>\n\n\t\t\t\t\t\t\t\t<p class=\"carousel-caption-subtitle\">\n\n\t\t\t\t\t\t\t\t\t<i class=\"fas fa-chevron-right\"><\/i>\n\n\t\t\t\t\t\t\t\t\tOntdek Yeu-eiland\n\t\t\t\t\t\t\t\t<\/p>\n\n\t\t\t\t\t\t\t<\/div>\n\n\t\t\t\t\t\t\t\n\n\n\t\t\t\t\t\t\n\t\t\t\t\t\t<\/a>\n\n\t\t\t\t\t\t\n\t\t\t\t\t<\/div>\n\n\t\t\t\t\t\n\t\t\t\t\n\t\t\t\t\t\n\t\t\t\t\t<div class=\"carousel-item\">\n\n\t\t\t\t\t\t\n\n\t\t\t\t\t\t\n\t\t\t\t\t\t\t<a href=\"https:\/\/leboisdelagachere.com\/nl\/vakantie-notitieboek\/circuit-van-wijntoerisme\/\">\n\n\t\t\t\t\t\t\n\n\n\t\t\t\t\t\t\t<img decoding=\"async\" class=\"d-block w-100\" src=\"https:\/\/leboisdelagachere.com\/wp-content\/uploads\/2023\/11\/experience-oeno-brem.jpg\" alt=\"exp\u00e9rience vacances brem sur mer la cabane\" desc=\"\" loading=\"lazy\">\n\n\n\n\t\t\t\t\t\t\t\n\t\t\t\t\t\t\t<div class=\"carousel-caption\">\n\n\t\t\t\t\t\t\t\t<div class=\"carousel-caption-title\">Ontdek de mooiste Fiefs Vend\u00e9ens<\/div>\n\n\t\t\t\t\t\t\t\t<p class=\"carousel-caption-subtitle\">\n\n\t\t\t\t\t\t\t\t\t<i class=\"fas fa-chevron-right\"><\/i>\n\n\t\t\t\t\t\t\t\t\tPauze wijntoerisme \n\t\t\t\t\t\t\t\t<\/p>\n\n\t\t\t\t\t\t\t<\/div>\n\n\t\t\t\t\t\t\t\n\n\n\t\t\t\t\t\t\n\t\t\t\t\t\t<\/a>\n\n\t\t\t\t\t\t\n\t\t\t\t\t<\/div>\n\n\t\t\t\t\t\n\t\t\t\t\n\t\t\t\t\t\n\t\t\t\t\t<div class=\"carousel-item\">\n\n\t\t\t\t\t\t\n\n\t\t\t\t\t\t\n\t\t\t\t\t\t\t<a href=\"https:\/\/leboisdelagachere.com\/nl\/wandelen-door-de-straten\/\">\n\n\t\t\t\t\t\t\n\n\n\t\t\t\t\t\t\t<img decoding=\"async\" class=\"d-block w-100\" src=\"https:\/\/leboisdelagachere.com\/wp-content\/uploads\/2023\/11\/experience-marais-salant.jpg\" alt=\"exp\u00e9rience vacances marais salant\" desc=\"\" loading=\"lazy\">\n\n\n\n\t\t\t\t\t\t\t\n\t\t\t\t\t\t\t<div class=\"carousel-caption\">\n\n\t\t\t\t\t\t\t\t<div class=\"carousel-caption-title\">Tour met wit goud <\/div>\n\n\t\t\t\t\t\t\t\t<p class=\"carousel-caption-subtitle\">\n\n\t\t\t\t\t\t\t\t\t<i class=\"fas fa-chevron-right\"><\/i>\n\n\t\t\t\t\t\t\t\t\tWit goud \/\/ Ontdek de kwelders\n\t\t\t\t\t\t\t\t<\/p>\n\n\t\t\t\t\t\t\t<\/div>\n\n\t\t\t\t\t\t\t\n\n\n\t\t\t\t\t\t\n\t\t\t\t\t\t<\/a>\n\n\t\t\t\t\t\t\n\t\t\t\t\t<\/div>\n\n\t\t\t\t\t\n\t\t\t\t\n\t\t\t\t\t\n\t\t\t\t\t<div class=\"carousel-item\">\n\n\t\t\t\t\t\t\n\n\t\t\t\t\t\t\n\t\t\t\t\t\t\t<a href=\"https:\/\/leboisdelagachere.com\/nl\/vakantie-notitieboek\/een-dag-van-ontspanning-en-surfen\/\">\n\n\t\t\t\t\t\t\n\n\n\t\t\t\t\t\t\t<img decoding=\"async\" class=\"d-block w-100\" src=\"https:\/\/leboisdelagachere.com\/wp-content\/uploads\/2023\/11\/experience-surf.jpg\" alt=\"exp\u00e9rience vacances d\u00e9couverte du surf en Vend\u00e9e\" desc=\"\" loading=\"lazy\">\n\n\n\n\t\t\t\t\t\t\t\n\t\t\t\t\t\t\t<div class=\"carousel-caption\">\n\n\t\t\t\t\t\t\t\t<div class=\"carousel-caption-title\">Een dag van ontspanning en surfen<\/div>\n\n\t\t\t\t\t\t\t\t<p class=\"carousel-caption-subtitle\">\n\n\t\t\t\t\t\t\t\t\t<i class=\"fas fa-chevron-right\"><\/i>\n\n\t\t\t\t\t\t\t\t\tGeniet van alle voordelen van fijne zandstranden\n\t\t\t\t\t\t\t\t<\/p>\n\n\t\t\t\t\t\t\t<\/div>\n\n\t\t\t\t\t\t\t\n\n\n\t\t\t\t\t\t\n\t\t\t\t\t\t<\/a>\n\n\t\t\t\t\t\t\n\t\t\t\t\t<\/div>\n\n\t\t\t\t\t\n\t\t\t\t\n\t\t\t\t\t\n\t\t\t\t\t<div class=\"carousel-item\">\n\n\t\t\t\t\t\t\n\n\t\t\t\t\t\t\n\t\t\t\t\t\t\t<a href=\"https:\/\/leboisdelagachere.com\/nl\/vakantie-notitieboek\/regenachtige-halve-dag\/\">\n\n\t\t\t\t\t\t\n\n\n\t\t\t\t\t\t\t<img decoding=\"async\" class=\"d-block w-100\" src=\"https:\/\/leboisdelagachere.com\/wp-content\/uploads\/2023\/11\/experience-pluvieuse.jpg\" alt=\"exp\u00e9rience vacances pluvieuse aux sables d&#039;olonne\" desc=\"\" loading=\"lazy\">\n\n\n\n\t\t\t\t\t\t\t\n\t\t\t\t\t\t\t<div class=\"carousel-caption\">\n\n\t\t\t\t\t\t\t\t<div class=\"carousel-caption-title\">Regenachtige halve dag, vrolijke halve dag? <\/div>\n\n\t\t\t\t\t\t\t\t<p class=\"carousel-caption-subtitle\">\n\n\t\t\t\t\t\t\t\t\t<i class=\"fas fa-chevron-right\"><\/i>\n\n\t\t\t\t\t\t\t\t\tEen verleidelijk programma, zelfs op regenachtige dagen\n\t\t\t\t\t\t\t\t<\/p>\n\n\t\t\t\t\t\t\t<\/div>\n\n\t\t\t\t\t\t\t\n\n\n\t\t\t\t\t\t\n\t\t\t\t\t\t<\/a>\n\n\t\t\t\t\t\t\n\t\t\t\t\t<\/div>\n\n\t\t\t\t\t\n\t\t\t\t\n\t\t\t\t\t\n\t\t\t\t\t<div class=\"carousel-item\">\n\n\t\t\t\t\t\t\n\n\t\t\t\t\t\t\n\t\t\t\t\t\t\t<a href=\"https:\/\/leboisdelagachere.com\/nl\/vakantie-notitieboek\/halve-dag-mountainbiken\/\">\n\n\t\t\t\t\t\t\n\n\n\t\t\t\t\t\t\t<img decoding=\"async\" class=\"d-block w-100\" src=\"https:\/\/leboisdelagachere.com\/wp-content\/uploads\/2023\/11\/experience-velo.jpg\" alt=\"exp\u00e9rience vacances balade \u00e0 velo\" desc=\"\" loading=\"lazy\">\n\n\n\n\t\t\t\t\t\t\t\n\t\t\t\t\t\t\t<div class=\"carousel-caption\">\n\n\t\t\t\t\t\t\t\t<div class=\"carousel-caption-title\">Halve dag mountainbiken <\/div>\n\n\t\t\t\t\t\t\t\t<p class=\"carousel-caption-subtitle\">\n\n\t\t\t\t\t\t\t\t\t<i class=\"fas fa-chevron-right\"><\/i>\n\n\t\t\t\t\t\t\t\t\tCircuit toegankelijk voor iedereen en picknick onder de dennenbomen\n\t\t\t\t\t\t\t\t<\/p>\n\n\t\t\t\t\t\t\t<\/div>\n\n\t\t\t\t\t\t\t\n\n\n\t\t\t\t\t\t\n\t\t\t\t\t\t<\/a>\n\n\t\t\t\t\t\t\n\t\t\t\t\t<\/div>\n\n\t\t\t\t\t\n\t\t\t\t\n\t\t\t<\/div>\n\n\n\n\t\t\t\n\t\t\t\t\n\t\t\t\t<a class=\"carousel-control-prev\" href=\"#sevdiaporama_1873606470\" role=\"button\" data-slide=\"prev\">\n\n\t\t\t\t\t<span class=\"carousel-control-prev-icon\" aria-hidden=\"true\"><\/span>\n\n\t\t\t\t\t<span class=\"sr-only\">Pr\u00e9c\u00e9dent<\/span>\n\n\t\t\t\t<\/a>\n\n\t\t\t\t<a class=\"carousel-control-next\" href=\"#sevdiaporama_1873606470\" role=\"button\" data-slide=\"next\">\n\n\t\t\t\t\t<span class=\"carousel-control-next-icon\" aria-hidden=\"true\"><\/span>\n\n\t\t\t\t\t<span class=\"sr-only\">Suivant<\/span>\n\n\t\t\t\t<\/a>\n\n\t\t\t\t\n\n\n\t\t\t\t\n\t\t\t\t<ol class=\"carousel-indicators\">\n\n\t\t\t\t\t\n\t\t\t\t\t\n\t\t\t\t\t\t\n\t\t\t\t\t\t<li data-target=\"#sevdiaporama_1873606470\" data-slide-to=\"0\" class=\"active\"><\/li>\n\n\t\t\t\t\t\t\n\t\t\t\t\t\n\t\t\t\t\t\t\n\t\t\t\t\t\t<li data-target=\"#sevdiaporama_1873606470\" data-slide-to=\"1\"><\/li>\n\n\t\t\t\t\t\t\n\t\t\t\t\t\n\t\t\t\t\t\t\n\t\t\t\t\t\t<li data-target=\"#sevdiaporama_1873606470\" data-slide-to=\"2\"><\/li>\n\n\t\t\t\t\t\t\n\t\t\t\t\t\n\t\t\t\t\t\t\n\t\t\t\t\t\t<li data-target=\"#sevdiaporama_1873606470\" data-slide-to=\"3\"><\/li>\n\n\t\t\t\t\t\t\n\t\t\t\t\t\n\t\t\t\t\t\t\n\t\t\t\t\t\t<li data-target=\"#sevdiaporama_1873606470\" data-slide-to=\"4\"><\/li>\n\n\t\t\t\t\t\t\n\t\t\t\t\t\n\t\t\t\t\t\t\n\t\t\t\t\t\t<li data-target=\"#sevdiaporama_1873606470\" data-slide-to=\"5\"><\/li>\n\n\t\t\t\t\t\t\n\t\t\t\t\t\n\t\t\t\t\t\t\n\t\t\t\t\t\t<li data-target=\"#sevdiaporama_1873606470\" data-slide-to=\"6\"><\/li>\n\n\t\t\t\t\t\t\n\t\t\t\t\t\n\t\t\t\t\t\t\n\t\t\t\t\t\t<li data-target=\"#sevdiaporama_1873606470\" data-slide-to=\"7\"><\/li>\n\n\t\t\t\t\t\t\n\t\t\t\t\t\n\t\t\t\t<\/ol>\n\n\t\t\t\t\n\t\t\t\n\t\t<\/div>\n\n\t\t<\/div><\/div>\n\n\n\n<p><\/p>\n","protected":false},"excerpt":{"rendered":"<p>Welkom op camping Le Bois de La Gach\u00e8re **** 4-sterrencamping in het hart van het bos met directe toegang tot het strand Kom en ontdek de 4-sterren camping Le Bois de la Gach\u00e8re in Les Sables d&#8217;Olonne. In het hart van het ongerepte platteland, in een bos van dennen en steeneiken, vind jedirecte toegang tot [&hellip;]<\/p>\n","protected":false},"author":1,"featured_media":0,"parent":0,"menu_order":0,"comment_status":"closed","ping_status":"closed","template":"","meta":{"_seopress_robots_primary_cat":"","_seopress_titles_title":"4* camping in Les Sables d&#039;Olonne - Le Bois de la Gach\u00e8re","_seopress_titles_desc":"Camping 4* Le Bois de La Gach\u00e8re aux Sables d&#039;Olonne - Ontdek onze camping Maeva en geniet van een aangename vakantie met directe toegang tot het strand.","_seopress_robots_index":"","footnotes":""},"class_list":["post-9436","page","type-page","status-publish","hentry"],"_links":{"self":[{"href":"https:\/\/leboisdelagachere.com\/nl\/wp-json\/wp\/v2\/pages\/9436","targetHints":{"allow":["GET"]}}],"collection":[{"href":"https:\/\/leboisdelagachere.com\/nl\/wp-json\/wp\/v2\/pages"}],"about":[{"href":"https:\/\/leboisdelagachere.com\/nl\/wp-json\/wp\/v2\/types\/page"}],"author":[{"embeddable":true,"href":"https:\/\/leboisdelagachere.com\/nl\/wp-json\/wp\/v2\/users\/1"}],"replies":[{"embeddable":true,"href":"https:\/\/leboisdelagachere.com\/nl\/wp-json\/wp\/v2\/comments?post=9436"}],"version-history":[{"count":2,"href":"https:\/\/leboisdelagachere.com\/nl\/wp-json\/wp\/v2\/pages\/9436\/revisions"}],"predecessor-version":[{"id":9550,"href":"https:\/\/leboisdelagachere.com\/nl\/wp-json\/wp\/v2\/pages\/9436\/revisions\/9550"}],"wp:attachment":[{"href":"https:\/\/leboisdelagachere.com\/nl\/wp-json\/wp\/v2\/media?parent=9436"}],"curies":[{"name":"wp","href":"https:\/\/api.w.org\/{rel}","templated":true}]}}